{"id":1056,"date":"2025-03-31T14:57:35","date_gmt":"2025-03-31T12:57:35","guid":{"rendered":"https:\/\/www.milansladekmimefest.eu\/sk\/?page_id=1056"},"modified":"2025-03-31T14:59:22","modified_gmt":"2025-03-31T12:59:22","slug":"program","status":"publish","type":"page","link":"https:\/\/www.milansladekmimefest.eu\/sk\/program\/","title":{"rendered":"Program"},"content":{"rendered":"\n<p class=\"has-white-color has-text-color has-link-color has-large-font-size wp-elements-1a377f7ff840837f5df84ead3a37073c\">P\u00fachov<\/p>\n\n\n<div class=\"events-container\" id=\"events-slider-1\"><div class=\"events-performance-row\"><div class=event-wrapper><a href=\"https:\/\/www.milansladekmimefest.eu\/sk\/programme\/\" class=\"event-box performance-box\" style=\"background-image: url('https:\/\/www.milansladekmimefest.eu\/sk\/wp-content\/uploads\/2025\/03\/cropped-android-chrome-512x512-2-1-300x300.png');\">Open Ceremony<br><span>Divadlo P\u00fachov<\/span><\/a><span class=datetime>28. m\u00e1ja 2025 <strong>18:00<\/strong><\/span><\/div><div class=event-wrapper><a href=\"https:\/\/www.milansladekmimefest.eu\/sk\/2025\/03\/14\/pavol-seris-sk\/\" class=\"event-box performance-box\" style=\"background-image: url('https:\/\/www.milansladekmimefest.eu\/sk\/wp-content\/uploads\/2025\/03\/EMF2025_Milan_Sladek_Seris_1-1-scaled-1-1-300x200.jpg');\">Pavol Seri\u0161 (SK)<br><span>Divadlo P\u00fachov<\/span><\/a><span class=datetime>29. m\u00e1ja 2025 <strong>19:30<\/strong><\/span><\/div><div class=event-wrapper><a href=\"https:\/\/www.milansladekmimefest.eu\/sk\/2025\/01\/26\/compagnie-mangano-massip-fr\/\" class=\"event-box performance-box\" style=\"background-image: url('https:\/\/www.milansladekmimefest.eu\/sk\/wp-content\/uploads\/2025\/02\/2-DSC_0213-300x201.jpg');\">Compagnie Mangano-Massip (FR)<br><span>Divadlo P\u00fachov<\/span><\/a><span class=datetime>30. m\u00e1ja 2025 <strong>20:00<\/strong><\/span><\/div><\/div><div class=\"events-accompanying-row \"><div class=event-wrapper><a href=\"https:\/\/www.milansladekmimefest.eu\/sk\/2025\/01\/26\/circus-theater-vladimir-nl\/\" class=\"event-box performance-box\" style=\"background-image: url('https:\/\/www.milansladekmimefest.eu\/sk\/wp-content\/uploads\/2025\/02\/Blurp-gezicht-2-300x225.jpg');\">Circus Theater Vladimir (NL)<br><span>Pe\u0161ia z\u00f3na a Divadlo P\u00fachov<\/span><\/a><span class=datetime>29. m\u00e1ja 2025 <strong>17:00<\/strong><\/span><\/div><div class=event-wrapper><a href=\"https:\/\/www.milansladekmimefest.eu\/sk\/2025\/01\/26\/vlado-kulisek-sk\/\" class=\"event-box performance-box\" style=\"background-image: url('https:\/\/www.milansladekmimefest.eu\/sk\/wp-content\/uploads\/2025\/02\/Kulisek_web_portfolio-225x300.jpg');\">Vlado Kul\u00ed\u0161ek (SK)<br><span>Pe\u0161ia z\u00f3na P\u00fachov<\/span><\/a><span class=datetime>30. m\u00e1ja 2025 <strong>17:00<\/strong><\/span><\/div><\/div><button class=\"events-slider-nav events-slider-prev\" aria-label=\"Previous events\">&#10094;<\/button><button class=\"events-slider-nav events-slider-next\" aria-label=\"Next events\">&#10095;<\/button><\/div>\n\n\n\n<p class=\"has-white-color has-black-background-color has-text-color has-background has-link-color has-large-font-size wp-elements-57b955dfedd9f77db54fd390fd87f717\">Pova\u017esk\u00e1 Bystrica<\/p>\n\n\n<div class=\"events-container\" id=\"events-slider-2\"><div class=\"events-performance-row\"><div class=event-wrapper><a href=\"https:\/\/www.milansladekmimefest.eu\/sk\/2025\/01\/26\/hamu-cz\/\" class=\"event-box performance-box\" style=\"background-image: url('https:\/\/www.milansladekmimefest.eu\/sk\/wp-content\/uploads\/2025\/03\/hamu-300x200.jpg');\">HAMU (CZ)<br><span>Cooltajner Pova\u017esk\u00e1 Bystrica<\/span><\/a><span class=datetime>29. m\u00e1ja 2025 <strong>17:00<\/strong><\/span><\/div><div class=event-wrapper><a href=\"https:\/\/www.milansladekmimefest.eu\/sk\/2025\/01\/26\/peter-biel-cz\/\" class=\"event-box performance-box\" style=\"background-image: url('https:\/\/www.milansladekmimefest.eu\/sk\/wp-content\/uploads\/2025\/03\/EMF2025_Milan_Sladek_Peter_Biel_1-scaled-1-1-300x200.jpg');\">Peter Biel (CZ)<br><span>Cooltajner Pova\u017esk\u00e1 Bystrica<\/span><\/a><span class=datetime>30. m\u00e1ja 2025 <strong>19:30<\/strong><\/span><\/div><\/div><div class=\"events-accompanying-row \"><div class=event-wrapper><a href=\"https:\/\/www.milansladekmimefest.eu\/sk\/2025\/01\/20\/creative-workshops\/\" class=\"event-box performance-box\" style=\"background-image: url('https:\/\/www.milansladekmimefest.eu\/sk\/wp-content\/uploads\/2025\/01\/milan-sladek_headlineworkshop-300x95.jpg');\">Workshop<br><span>ZU\u0160 I.W.K. Pova\u017esk\u00e1 Bystrica 9:00-13:00<\/span><\/a><span class=datetime>28. m\u00e1ja 2025 <strong>09:00<\/strong><\/span><\/div><div class=event-wrapper><a href=\"https:\/\/www.milansladekmimefest.eu\/sk\/2025\/01\/26\/living-sculptures-sk\/\" class=\"event-box performance-box\" style=\"background-image: url('https:\/\/www.milansladekmimefest.eu\/sk\/wp-content\/uploads\/2025\/02\/IMG-20230728-WA0102-1024x685.jpg-300x201.webp');\">\u017div\u00e9 sochy (SK)<br><span>Mestsk\u00fd park Pova\u017esk\u00e1 Bystrica<\/span><\/a><span class=datetime>29. m\u00e1ja 2025 <strong>15:00<\/strong><\/span><\/div><div class=event-wrapper><a href=\"https:\/\/www.milansladekmimefest.eu\/sk\/2025\/01\/26\/nola-rae-gb\/\" class=\"event-box performance-box\" style=\"background-image: url('https:\/\/www.milansladekmimefest.eu\/sk\/wp-content\/uploads\/2025\/02\/Nola-Rae1290-1024x819-1-300x240.jpg');\">Nola Rae (GB)<br><span> ZU\u0160 I.W.K. Pova\u017esk\u00e1 Bystrica<\/span><\/a><span class=datetime>29. m\u00e1ja 2025 <strong>09:00<\/strong><\/span><\/div><div class=event-wrapper><a href=\"https:\/\/www.milansladekmimefest.eu\/sk\/2025\/01\/26\/living-sculptures-sk\/\" class=\"event-box performance-box\" style=\"background-image: url('https:\/\/www.milansladekmimefest.eu\/sk\/wp-content\/uploads\/2025\/02\/IMG-20230728-WA0102-1024x685.jpg-300x201.webp');\">\u017div\u00e9 sochy (SK)<br><span>Mestsk\u00fd park Pova\u017esk\u00e1 Bystrica<\/span><\/a><span class=datetime>29. m\u00e1ja 2025 <strong>15:00<\/strong><\/span><\/div><div class=event-wrapper><a href=\"https:\/\/www.milansladekmimefest.eu\/sk\/2025\/01\/20\/creative-workshops\/\" class=\"event-box performance-box\" style=\"background-image: url('https:\/\/www.milansladekmimefest.eu\/sk\/wp-content\/uploads\/2025\/01\/milan-sladek_headlineworkshop-300x95.jpg');\">Workshop<br><span>ZU\u0160 I.W.K. Pova\u017esk\u00e1 Bystrica 9:00-13:00<\/span><\/a><span class=datetime>29. m\u00e1ja 2025 <strong>09:00<\/strong><\/span><\/div><div class=event-wrapper><a href=\"https:\/\/www.milansladekmimefest.eu\/sk\/2025\/01\/26\/circus-theater-vladimir-nl\/\" class=\"event-box performance-box\" style=\"background-image: url('https:\/\/www.milansladekmimefest.eu\/sk\/wp-content\/uploads\/2025\/02\/Blurp-gezicht-2-300x225.jpg');\">Circus Theater Vladimir (NL)<br><span>Mestsk\u00fd park a Cooltajner Pova\u017esk\u00e1 Bystrica<\/span><\/a><span class=datetime>30. m\u00e1ja 2025 <strong>17:00<\/strong><\/span><\/div><div class=event-wrapper><a href=\"https:\/\/www.milansladekmimefest.eu\/sk\/2025\/01\/20\/creative-workshops\/\" class=\"event-box performance-box\" style=\"background-image: url('https:\/\/www.milansladekmimefest.eu\/sk\/wp-content\/uploads\/2025\/01\/milan-sladek_headlineworkshop-300x95.jpg');\">Workshop<br><span>ZU\u0160 I.W.K. Pova\u017esk\u00e1 Bystrica 9:00-13:00<\/span><\/a><span class=datetime>30. m\u00e1ja 2025 <strong>09:00<\/strong><\/span><\/div><\/div><button class=\"events-slider-nav events-slider-prev\" aria-label=\"Previous events\">&#10094;<\/button><button class=\"events-slider-nav events-slider-next\" aria-label=\"Next events\">&#10095;<\/button><\/div>\n\n\n\n<p class=\"has-white-color has-text-color has-link-color has-large-font-size wp-elements-edf5aab46ae78e667748899278e91832\">Tren\u010d\u00edn<\/p>\n\n\n<div class=\"events-container\" id=\"events-slider-3\"><div class=\"events-performance-row\"><div class=event-wrapper><a href=\"https:\/\/www.milansladekmimefest.eu\/sk\/2025\/01\/26\/compagnie-mangano-massip-fr\/\" class=\"event-box performance-box\" style=\"background-image: url('https:\/\/www.milansladekmimefest.eu\/sk\/wp-content\/uploads\/2025\/02\/2-DSC_0213-300x201.jpg');\">Compagnie Mangano-Massip (FR)<br><span>KKC Hviezda Tren\u010d\u00edn<\/span><\/a><span class=datetime>29. m\u00e1ja 2025 <strong>19:30<\/strong><\/span><\/div><div class=event-wrapper><a href=\"https:\/\/www.milansladekmimefest.eu\/sk\/2025\/03\/14\/radim-vizvary-cz\/\" class=\"event-box performance-box\" style=\"background-image: url('https:\/\/www.milansladekmimefest.eu\/sk\/wp-content\/uploads\/2025\/03\/EMF2025_Milan_Sldek_Vizvary_1-1-300x155.jpg');\">Radim Vizv\u00e1ry (CZ)<br><span>Dom arm\u00e1dy Tren\u010d\u00edn<\/span><\/a><span class=datetime>30. m\u00e1ja 2025 <strong>19:30<\/strong><\/span><\/div><div class=event-wrapper><a href=\"https:\/\/www.milansladekmimefest.eu\/sk\/2025\/01\/26\/hamu-cz\/\" class=\"event-box performance-box\" style=\"background-image: url('https:\/\/www.milansladekmimefest.eu\/sk\/wp-content\/uploads\/2025\/03\/hamu-300x200.jpg');\">HAMU (CZ)<br><span>Klub L\u00fa\u010d Tren\u010d\u00edn<\/span><\/a><span class=datetime>30. m\u00e1ja 2025 <strong>17:00<\/strong><\/span><\/div><div class=event-wrapper><a href=\"https:\/\/www.milansladekmimefest.eu\/sk\/2025\/01\/26\/familie-floz-d\/\" class=\"event-box performance-box\" style=\"background-image: url('https:\/\/www.milansladekmimefest.eu\/sk\/wp-content\/uploads\/2025\/02\/TeatroDelusio_02\u00a9Eckard-Jonalik_presse-1-300x187.jpg');\">Familie Fl\u00f6z (D)<br><span>Dom arm\u00e1dy Tren\u010d\u00edn<\/span><\/a><span class=datetime>31. m\u00e1ja 2025 <strong>19:30<\/strong><\/span><\/div><\/div><div class=\"events-accompanying-row \"><div class=event-wrapper><a href=\"https:\/\/www.milansladekmimefest.eu\/sk\/2025\/01\/26\/living-sculptures-sk\/\" class=\"event-box performance-box\" style=\"background-image: url('https:\/\/www.milansladekmimefest.eu\/sk\/wp-content\/uploads\/2025\/02\/IMG-20230728-WA0102-1024x685.jpg-300x201.webp');\">\u017div\u00e9 sochy (SK)<br><span>Mierov\u00e9 n\u00e1mestie Tren\u010d\u00edn<\/span><\/a><span class=datetime>30. m\u00e1ja 2025 <strong>15:00<\/strong><\/span><\/div><div class=event-wrapper><a href=\"https:\/\/www.milansladekmimefest.eu\/sk\/\" class=\"event-box performance-box\" style=\"background-image: url('https:\/\/www.milansladekmimefest.eu\/sk\/wp-content\/uploads\/2025\/01\/milan-sladek_headline_discusion-300x95.jpg');\">Diskusia<br><span>Dom arm\u00e1dy Tren\u010d\u00edn<\/span><\/a><span class=datetime>30. m\u00e1ja 2025 <strong>21:00<\/strong><\/span><\/div><div class=event-wrapper><a href=\"https:\/\/www.milansladekmimefest.eu\/sk\/2025\/02\/21\/circus-caravana-v4-ua\/\" class=\"event-box performance-box\" style=\"background-image: url('https:\/\/www.milansladekmimefest.eu\/sk\/wp-content\/uploads\/2025\/02\/Konzorcium-Icebreaking_CIRCUS-CARAVANA_premiere_Krakow_Anna-Nowak_42-300x200.jpg');\">Circus Caravana (V4, UA)<br><span>Mierov\u00e9 n\u00e1mestie Tren\u010d\u00edn<\/span><\/a><span class=datetime>31. m\u00e1ja 2025 <strong>16:00<\/strong><\/span><\/div><div class=event-wrapper><a href=\"https:\/\/www.milansladekmimefest.eu\/sk\/2025\/01\/26\/circus-theater-vladimir-nl\/\" class=\"event-box performance-box\" style=\"background-image: url('https:\/\/www.milansladekmimefest.eu\/sk\/wp-content\/uploads\/2025\/02\/Blurp-gezicht-2-300x225.jpg');\">Circus Theater Vladimir (NL)<br><span>Mierov\u00e9 n\u00e1mestie Tren\u010d\u00edn<\/span><\/a><span class=datetime>31. m\u00e1ja 2025 <strong>15:00<\/strong><\/span><\/div><\/div><button class=\"events-slider-nav events-slider-prev\" aria-label=\"Previous events\">&#10094;<\/button><button class=\"events-slider-nav events-slider-next\" aria-label=\"Next events\">&#10095;<\/button><\/div>\n","protected":false},"excerpt":{"rendered":"<p>P\u00fachov Pova\u017esk\u00e1 Bystrica Tren\u010d\u00edn<\/p>\n","protected":false},"author":1,"featured_media":0,"parent":0,"menu_order":0,"comment_status":"closed","ping_status":"closed","template":"","meta":{"_acf_changed":false,"_monsterinsights_skip_tracking":false,"_monsterinsights_sitenote_active":false,"_monsterinsights_sitenote_note":"","_monsterinsights_sitenote_category":0,"_uf_show_specific_survey":0,"_uf_disable_surveys":false,"two_page_speed":[],"footnotes":""},"class_list":["post-1056","page","type-page","status-publish","hentry"],"acf":[],"yoast_head":"<!-- This site is optimized with the Yoast SEO plugin v24.2 - https:\/\/yoast.com\/wordpress\/plugins\/seo\/ -->\n<title>Program - milansladekmimefest.eu<\/title>\n<meta name=\"robots\" content=\"index, follow, max-snippet:-1, max-image-preview:large, max-video-preview:-1\" \/>\n<link rel=\"canonical\" href=\"https:\/\/www.milansladekmimefest.eu\/sk\/program\/\" \/>\n<meta property=\"og:locale\" content=\"sk_SK\" \/>\n<meta property=\"og:type\" content=\"article\" \/>\n<meta property=\"og:title\" content=\"Program - milansladekmimefest.eu\" \/>\n<meta property=\"og:description\" content=\"P\u00fachov Pova\u017esk\u00e1 Bystrica Tren\u010d\u00edn\" \/>\n<meta property=\"og:url\" content=\"https:\/\/www.milansladekmimefest.eu\/sk\/program\/\" \/>\n<meta property=\"og:site_name\" content=\"milansladekmimefest.eu\" \/>\n<meta property=\"article:modified_time\" content=\"2025-03-31T12:59:22+00:00\" \/>\n<meta name=\"twitter:card\" content=\"summary_large_image\" \/>\n<script type=\"application\/ld+json\" class=\"yoast-schema-graph\">{\"@context\":\"https:\/\/schema.org\",\"@graph\":[{\"@type\":\"WebPage\",\"@id\":\"https:\/\/www.milansladekmimefest.eu\/sk\/program\/\",\"url\":\"https:\/\/www.milansladekmimefest.eu\/sk\/program\/\",\"name\":\"Program - milansladekmimefest.eu\",\"isPartOf\":{\"@id\":\"https:\/\/www.milansladekmimefest.eu\/sk\/#website\"},\"datePublished\":\"2025-03-31T12:57:35+00:00\",\"dateModified\":\"2025-03-31T12:59:22+00:00\",\"breadcrumb\":{\"@id\":\"https:\/\/www.milansladekmimefest.eu\/sk\/program\/#breadcrumb\"},\"inLanguage\":\"sk-SK\",\"potentialAction\":[{\"@type\":\"ReadAction\",\"target\":[\"https:\/\/www.milansladekmimefest.eu\/sk\/program\/\"]}]},{\"@type\":\"BreadcrumbList\",\"@id\":\"https:\/\/www.milansladekmimefest.eu\/sk\/program\/#breadcrumb\",\"itemListElement\":[{\"@type\":\"ListItem\",\"position\":1,\"name\":\"Home\",\"item\":\"https:\/\/www.milansladekmimefest.eu\/sk\/\"},{\"@type\":\"ListItem\",\"position\":2,\"name\":\"Program\"}]},{\"@type\":\"WebSite\",\"@id\":\"https:\/\/www.milansladekmimefest.eu\/sk\/#website\",\"url\":\"https:\/\/www.milansladekmimefest.eu\/sk\/\",\"name\":\"milansladekmimefest.eu\",\"description\":\"\",\"potentialAction\":[{\"@type\":\"SearchAction\",\"target\":{\"@type\":\"EntryPoint\",\"urlTemplate\":\"https:\/\/www.milansladekmimefest.eu\/sk\/?s={search_term_string}\"},\"query-input\":{\"@type\":\"PropertyValueSpecification\",\"valueRequired\":true,\"valueName\":\"search_term_string\"}}],\"inLanguage\":\"sk-SK\"}]}<\/script>\n<!-- \/ Yoast SEO plugin. -->","yoast_head_json":{"title":"Program - milansladekmimefest.eu","robots":{"index":"index","follow":"follow","max-snippet":"max-snippet:-1","max-image-preview":"max-image-preview:large","max-video-preview":"max-video-preview:-1"},"canonical":"https:\/\/www.milansladekmimefest.eu\/sk\/program\/","og_locale":"sk_SK","og_type":"article","og_title":"Program - milansladekmimefest.eu","og_description":"P\u00fachov Pova\u017esk\u00e1 Bystrica Tren\u010d\u00edn","og_url":"https:\/\/www.milansladekmimefest.eu\/sk\/program\/","og_site_name":"milansladekmimefest.eu","article_modified_time":"2025-03-31T12:59:22+00:00","twitter_card":"summary_large_image","schema":{"@context":"https:\/\/schema.org","@graph":[{"@type":"WebPage","@id":"https:\/\/www.milansladekmimefest.eu\/sk\/program\/","url":"https:\/\/www.milansladekmimefest.eu\/sk\/program\/","name":"Program - milansladekmimefest.eu","isPartOf":{"@id":"https:\/\/www.milansladekmimefest.eu\/sk\/#website"},"datePublished":"2025-03-31T12:57:35+00:00","dateModified":"2025-03-31T12:59:22+00:00","breadcrumb":{"@id":"https:\/\/www.milansladekmimefest.eu\/sk\/program\/#breadcrumb"},"inLanguage":"sk-SK","potentialAction":[{"@type":"ReadAction","target":["https:\/\/www.milansladekmimefest.eu\/sk\/program\/"]}]},{"@type":"BreadcrumbList","@id":"https:\/\/www.milansladekmimefest.eu\/sk\/program\/#breadcrumb","itemListElement":[{"@type":"ListItem","position":1,"name":"Home","item":"https:\/\/www.milansladekmimefest.eu\/sk\/"},{"@type":"ListItem","position":2,"name":"Program"}]},{"@type":"WebSite","@id":"https:\/\/www.milansladekmimefest.eu\/sk\/#website","url":"https:\/\/www.milansladekmimefest.eu\/sk\/","name":"milansladekmimefest.eu","description":"","potentialAction":[{"@type":"SearchAction","target":{"@type":"EntryPoint","urlTemplate":"https:\/\/www.milansladekmimefest.eu\/sk\/?s={search_term_string}"},"query-input":{"@type":"PropertyValueSpecification","valueRequired":true,"valueName":"search_term_string"}}],"inLanguage":"sk-SK"}]}},"_links":{"self":[{"href":"https:\/\/www.milansladekmimefest.eu\/sk\/wp-json\/wp\/v2\/pages\/1056","targetHints":{"allow":["GET"]}}],"collection":[{"href":"https:\/\/www.milansladekmimefest.eu\/sk\/wp-json\/wp\/v2\/pages"}],"about":[{"href":"https:\/\/www.milansladekmimefest.eu\/sk\/wp-json\/wp\/v2\/types\/page"}],"author":[{"embeddable":true,"href":"https:\/\/www.milansladekmimefest.eu\/sk\/wp-json\/wp\/v2\/users\/1"}],"replies":[{"embeddable":true,"href":"https:\/\/www.milansladekmimefest.eu\/sk\/wp-json\/wp\/v2\/comments?post=1056"}],"version-history":[{"count":2,"href":"https:\/\/www.milansladekmimefest.eu\/sk\/wp-json\/wp\/v2\/pages\/1056\/revisions"}],"predecessor-version":[{"id":1058,"href":"https:\/\/www.milansladekmimefest.eu\/sk\/wp-json\/wp\/v2\/pages\/1056\/revisions\/1058"}],"wp:attachment":[{"href":"https:\/\/www.milansladekmimefest.eu\/sk\/wp-json\/wp\/v2\/media?parent=1056"}],"curies":[{"name":"wp","href":"https:\/\/api.w.org\/{rel}","templated":true}]}}