{"id":11,"date":"2025-01-20T10:32:55","date_gmt":"2025-01-20T09:32:55","guid":{"rendered":"https:\/\/www.milansladekmimefest.eu\/sk\/?page_id=11"},"modified":"2025-03-31T15:00:32","modified_gmt":"2025-03-31T13:00:32","slug":"programme","status":"publish","type":"page","link":"https:\/\/www.milansladekmimefest.eu\/sk\/programme\/","title":{"rendered":"Program_old"},"content":{"rendered":"\t\t<div data-elementor-type=\"wp-page\" data-elementor-id=\"11\" class=\"elementor elementor-11\">\n\t\t\t\t<div class=\"elementor-element elementor-element-123f31f0 e-flex e-con-boxed wpr-particle-no wpr-jarallax-no wpr-parallax-no wpr-sticky-section-no e-con e-parent\" data-id=\"123f31f0\" data-element_type=\"container\">\n\t\t\t\t\t<div class=\"e-con-inner\">\n\t\t\t\t<div class=\"elementor-element elementor-element-70600f99 elementor-widget elementor-widget-text-editor\" data-id=\"70600f99\" data-element_type=\"widget\" data-widget_type=\"text-editor.default\">\n\t\t\t\t<div class=\"elementor-widget-container\">\n\t\t\t\t\t\t\t\t\t<h2>P\u00fachov<\/h2>\t\t\t\t\t\t\t\t<\/div>\n\t\t\t\t<\/div>\n\t\t\t\t\t<\/div>\n\t\t\t\t<\/div>\n\t\t<div class=\"elementor-element elementor-element-b2230d6 e-flex e-con-boxed wpr-particle-no wpr-jarallax-no wpr-parallax-no wpr-sticky-section-no e-con e-parent\" data-id=\"b2230d6\" data-element_type=\"container\">\n\t\t\t\t\t<div class=\"e-con-inner\">\n\t\t\t\t<div class=\"elementor-element elementor-element-3aa65a9 elementor-widget elementor-widget-shortcode\" data-id=\"3aa65a9\" data-element_type=\"widget\" data-widget_type=\"shortcode.default\">\n\t\t\t\t<div class=\"elementor-widget-container\">\n\t\t\t\t\t\t\t<div class=\"elementor-shortcode\"><div class=\"events-container\" id=\"events-slider-1\"><div class=\"events-performance-row\"><div class=event-wrapper><a href=\"https:\/\/www.milansladekmimefest.eu\/sk\/programme\/\" class=\"event-box performance-box\" style=\"background-image: url('https:\/\/www.milansladekmimefest.eu\/sk\/wp-content\/uploads\/2025\/03\/cropped-android-chrome-512x512-2-1-300x300.png');\">Open Ceremony<br><span>Divadlo P\u00fachov<\/span><\/a><span class=datetime>28. m\u00e1ja 2025 <strong>18:00<\/strong><\/span><\/div><div class=event-wrapper><a href=\"https:\/\/www.milansladekmimefest.eu\/sk\/2025\/03\/14\/pavol-seris-sk\/\" class=\"event-box performance-box\" style=\"background-image: url('https:\/\/www.milansladekmimefest.eu\/sk\/wp-content\/uploads\/2025\/03\/EMF2025_Milan_Sladek_Seris_1-1-scaled-1-1-300x200.jpg');\">Pavol Seri\u0161 (SK)<br><span>Divadlo P\u00fachov<\/span><\/a><span class=datetime>29. m\u00e1ja 2025 <strong>19:30<\/strong><\/span><\/div><div class=event-wrapper><a href=\"https:\/\/www.milansladekmimefest.eu\/sk\/2025\/01\/26\/compagnie-mangano-massip-fr\/\" class=\"event-box performance-box\" style=\"background-image: url('https:\/\/www.milansladekmimefest.eu\/sk\/wp-content\/uploads\/2025\/02\/2-DSC_0213-300x201.jpg');\">Compagnie Mangano-Massip (FR)<br><span>Divadlo P\u00fachov<\/span><\/a><span class=datetime>30. m\u00e1ja 2025 <strong>20:00<\/strong><\/span><\/div><\/div><div class=\"events-accompanying-row \"><div class=event-wrapper><a href=\"https:\/\/www.milansladekmimefest.eu\/sk\/2025\/01\/26\/circus-theater-vladimir-nl\/\" class=\"event-box performance-box\" style=\"background-image: url('https:\/\/www.milansladekmimefest.eu\/sk\/wp-content\/uploads\/2025\/02\/Blurp-gezicht-2-300x225.jpg');\">Circus Theater Vladimir (NL)<br><span>Pe\u0161ia z\u00f3na a Divadlo P\u00fachov<\/span><\/a><span class=datetime>29. m\u00e1ja 2025 <strong>17:00<\/strong><\/span><\/div><div class=event-wrapper><a href=\"https:\/\/www.milansladekmimefest.eu\/sk\/2025\/01\/26\/vlado-kulisek-sk\/\" class=\"event-box performance-box\" style=\"background-image: url('https:\/\/www.milansladekmimefest.eu\/sk\/wp-content\/uploads\/2025\/02\/Kulisek_web_portfolio-225x300.jpg');\">Vlado Kul\u00ed\u0161ek (SK)<br><span>Pe\u0161ia z\u00f3na P\u00fachov<\/span><\/a><span class=datetime>30. m\u00e1ja 2025 <strong>17:00<\/strong><\/span><\/div><\/div><button class=\"events-slider-nav events-slider-prev\" aria-label=\"Previous events\">&#10094;<\/button><button class=\"events-slider-nav events-slider-next\" aria-label=\"Next events\">&#10095;<\/button><\/div><\/div>\n\t\t\t\t\t\t<\/div>\n\t\t\t\t<\/div>\n\t\t\t\t\t<\/div>\n\t\t\t\t<\/div>\n\t\t<div class=\"elementor-element elementor-element-6720d98 e-flex e-con-boxed wpr-particle-no wpr-jarallax-no wpr-parallax-no wpr-sticky-section-no e-con e-parent\" data-id=\"6720d98\" data-element_type=\"container\">\n\t\t\t\t\t<div class=\"e-con-inner\">\n\t\t\t\t<div class=\"elementor-element elementor-element-167d9b0 wpr-list-style-none elementor-widget elementor-widget-wpr-posts-timeline\" data-id=\"167d9b0\" data-element_type=\"widget\" data-settings=\"{&quot;swiper_speed&quot;:500}\" data-widget_type=\"wpr-posts-timeline.default\">\n\t\t\t\t<div class=\"elementor-widget-container\">\n\t\t\t\t\t<div class=\"wpr-timeline-outer-container\"><div class=\"wpr-wrapper swiper wpr-horizontal\" dir=\"\" data-slidestoshow = \"3\" data-autoplay=\"\" data-loop=\"\" data-swiper-speed=\"500\" data-swiper-delay=\"0\" data-swiper-poh=\"\" data-swiper-space-between=\"5\"><div class=\"swiper-wrapper wpr-horizontal-timeline\"><div class=\"swiper-slide swiper-slide-line-bottom auto-height elementor-repeater-item-1071c2d\"><div class=\"wpr-extra-label\" ><span class=\"wpr-label\" >18:00<\/span><span class=\"wpr-sub-label\" >streda 28.m\u00e1j<\/span><\/div><div class=\"wpr-main-line-icon wpr-icon\"><svg aria-hidden=\"true\" class=\"e-font-icon-svg e-far-eye\" viewBox=\"0 0 576 512\" xmlns=\"http:\/\/www.w3.org\/2000\/svg\"><path d=\"M288 144a110.94 110.94 0 0 0-31.24 5 55.4 55.4 0 0 1 7.24 27 56 56 0 0 1-56 56 55.4 55.4 0 0 1-27-7.24A111.71 111.71 0 1 0 288 144zm284.52 97.4C518.29 135.59 410.93 64 288 64S57.68 135.64 3.48 241.41a32.35 32.35 0 0 0 0 29.19C57.71 376.41 165.07 448 288 448s230.32-71.64 284.52-177.41a32.35 32.35 0 0 0 0-29.19zM288 400c-98.65 0-189.09-55-237.93-144C98.91 167 189.34 112 288 112s189.09 55 237.93 144C477.1 345 386.66 400 288 400z\"><\/path><\/svg><\/div><div class=\"wpr-story-info \"><div class=\"wpr-timeline-content-wrapper\"><p class=\"wpr-title-wrap\"><a class=\"wpr-title\"href=\"https:\/\/www.milansladekmimefest.eu\/sk\/milan-sladek\/\" target=\"_blank\" rel=\"nofollow\">Otv\u00e1rac\u00ed ceremoni\u00e1l<\/a><\/p><\/div><div class=\"wpr-animation-wrap wpr-timeline-media\"><img fetchpriority=\"high\" decoding=\"async\" width=\"512\" height=\"512\" src=\"https:\/\/www.milansladekmimefest.eu\/sk\/wp-content\/uploads\/2025\/02\/cropped-android-chrome-512x512-2.png\" class=\"attachment-full size-full\" alt=\"\" srcset=\"https:\/\/www.milansladekmimefest.eu\/sk\/wp-content\/uploads\/2025\/02\/cropped-android-chrome-512x512-2.png 512w, https:\/\/www.milansladekmimefest.eu\/sk\/wp-content\/uploads\/2025\/02\/cropped-android-chrome-512x512-2-300x300.png 300w, https:\/\/www.milansladekmimefest.eu\/sk\/wp-content\/uploads\/2025\/02\/cropped-android-chrome-512x512-2-150x150.png 150w, https:\/\/www.milansladekmimefest.eu\/sk\/wp-content\/uploads\/2025\/02\/cropped-android-chrome-512x512-2-230x230.png 230w, https:\/\/www.milansladekmimefest.eu\/sk\/wp-content\/uploads\/2025\/02\/cropped-android-chrome-512x512-2-350x350.png 350w, https:\/\/www.milansladekmimefest.eu\/sk\/wp-content\/uploads\/2025\/02\/cropped-android-chrome-512x512-2-480x480.png 480w, https:\/\/www.milansladekmimefest.eu\/sk\/wp-content\/uploads\/2025\/02\/cropped-android-chrome-512x512-2-270x270.png 270w, https:\/\/www.milansladekmimefest.eu\/sk\/wp-content\/uploads\/2025\/02\/cropped-android-chrome-512x512-2-192x192.png 192w, https:\/\/www.milansladekmimefest.eu\/sk\/wp-content\/uploads\/2025\/02\/cropped-android-chrome-512x512-2-180x180.png 180w, https:\/\/www.milansladekmimefest.eu\/sk\/wp-content\/uploads\/2025\/02\/cropped-android-chrome-512x512-2-32x32.png 32w\" sizes=\"(max-width: 512px) 100vw, 512px\" \/><\/div><\/div><\/div><div class=\"swiper-slide swiper-slide-line-bottom auto-height elementor-repeater-item-144d202\"><div class=\"wpr-extra-label\" ><span class=\"wpr-label\" >19:30<\/span><span class=\"wpr-sub-label\" >\u0161tvrtok 29. m\u00e1j<\/span><\/div><div class=\"wpr-main-line-icon wpr-icon\"><svg aria-hidden=\"true\" class=\"e-font-icon-svg e-far-eye\" viewBox=\"0 0 576 512\" xmlns=\"http:\/\/www.w3.org\/2000\/svg\"><path d=\"M288 144a110.94 110.94 0 0 0-31.24 5 55.4 55.4 0 0 1 7.24 27 56 56 0 0 1-56 56 55.4 55.4 0 0 1-27-7.24A111.71 111.71 0 1 0 288 144zm284.52 97.4C518.29 135.59 410.93 64 288 64S57.68 135.64 3.48 241.41a32.35 32.35 0 0 0 0 29.19C57.71 376.41 165.07 448 288 448s230.32-71.64 284.52-177.41a32.35 32.35 0 0 0 0-29.19zM288 400c-98.65 0-189.09-55-237.93-144C98.91 167 189.34 112 288 112s189.09 55 237.93 144C477.1 345 386.66 400 288 400z\"><\/path><\/svg><\/div><div class=\"wpr-story-info \"><div class=\"wpr-timeline-content-wrapper\"><p class=\"wpr-title-wrap\"><a class=\"wpr-title\"href=\"https:\/\/www.milansladekmimefest.eu\/sk\/2025\/01\/26\/peter-biel-cz\/\" target=\"_blank\" rel=\"nofollow\">Peter Biel (CZ)<\/a><\/p><\/div><div class=\"wpr-animation-wrap wpr-timeline-media\"><img decoding=\"async\" width=\"2560\" height=\"1709\" src=\"https:\/\/www.milansladekmimefest.eu\/sk\/wp-content\/uploads\/2025\/01\/EMF2025_Milan_Sladek_Peter_Biel_1-scaled.jpg\" class=\"attachment-full size-full\" alt=\"\" srcset=\"https:\/\/www.milansladekmimefest.eu\/sk\/wp-content\/uploads\/2025\/01\/EMF2025_Milan_Sladek_Peter_Biel_1-scaled.jpg 2560w, https:\/\/www.milansladekmimefest.eu\/sk\/wp-content\/uploads\/2025\/01\/EMF2025_Milan_Sladek_Peter_Biel_1-300x200.jpg 300w, https:\/\/www.milansladekmimefest.eu\/sk\/wp-content\/uploads\/2025\/01\/EMF2025_Milan_Sladek_Peter_Biel_1-1024x684.jpg 1024w, https:\/\/www.milansladekmimefest.eu\/sk\/wp-content\/uploads\/2025\/01\/EMF2025_Milan_Sladek_Peter_Biel_1-768x513.jpg 768w, https:\/\/www.milansladekmimefest.eu\/sk\/wp-content\/uploads\/2025\/01\/EMF2025_Milan_Sladek_Peter_Biel_1-1536x1025.jpg 1536w, https:\/\/www.milansladekmimefest.eu\/sk\/wp-content\/uploads\/2025\/01\/EMF2025_Milan_Sladek_Peter_Biel_1-2048x1367.jpg 2048w, https:\/\/www.milansladekmimefest.eu\/sk\/wp-content\/uploads\/2025\/01\/EMF2025_Milan_Sladek_Peter_Biel_1-1000x668.jpg 1000w, https:\/\/www.milansladekmimefest.eu\/sk\/wp-content\/uploads\/2025\/01\/EMF2025_Milan_Sladek_Peter_Biel_1-230x154.jpg 230w, https:\/\/www.milansladekmimefest.eu\/sk\/wp-content\/uploads\/2025\/01\/EMF2025_Milan_Sladek_Peter_Biel_1-350x234.jpg 350w, https:\/\/www.milansladekmimefest.eu\/sk\/wp-content\/uploads\/2025\/01\/EMF2025_Milan_Sladek_Peter_Biel_1-480x320.jpg 480w\" sizes=\"(max-width: 2560px) 100vw, 2560px\" \/><\/div><\/div><\/div><div class=\"swiper-slide swiper-slide-line-bottom auto-height elementor-repeater-item-f49609e\"><div class=\"wpr-extra-label\" ><span class=\"wpr-label\" >19:30<\/span><span class=\"wpr-sub-label\" >piatok 30. m\u00e1j<\/span><\/div><div class=\"wpr-main-line-icon wpr-icon\"><svg aria-hidden=\"true\" class=\"e-font-icon-svg e-far-eye\" viewBox=\"0 0 576 512\" xmlns=\"http:\/\/www.w3.org\/2000\/svg\"><path d=\"M288 144a110.94 110.94 0 0 0-31.24 5 55.4 55.4 0 0 1 7.24 27 56 56 0 0 1-56 56 55.4 55.4 0 0 1-27-7.24A111.71 111.71 0 1 0 288 144zm284.52 97.4C518.29 135.59 410.93 64 288 64S57.68 135.64 3.48 241.41a32.35 32.35 0 0 0 0 29.19C57.71 376.41 165.07 448 288 448s230.32-71.64 284.52-177.41a32.35 32.35 0 0 0 0-29.19zM288 400c-98.65 0-189.09-55-237.93-144C98.91 167 189.34 112 288 112s189.09 55 237.93 144C477.1 345 386.66 400 288 400z\"><\/path><\/svg><\/div><div class=\"wpr-story-info \"><div class=\"wpr-timeline-content-wrapper\"><p class=\"wpr-title-wrap\"><a class=\"wpr-title\"href=\"https:\/\/www.milansladekmimefest.eu\/sk\/2025\/03\/14\/sena-didi-mime-idn\/\" target=\"_blank\" rel=\"nofollow\">Sena Didi Mime (IND)<\/a><\/p><\/div><div class=\"wpr-animation-wrap wpr-timeline-media\"><img decoding=\"async\" width=\"2560\" height=\"1439\" src=\"https:\/\/www.milansladekmimefest.eu\/sk\/wp-content\/uploads\/2025\/03\/DSC04439-scaled.jpg\" class=\"attachment-full size-full\" alt=\"\" srcset=\"https:\/\/www.milansladekmimefest.eu\/sk\/wp-content\/uploads\/2025\/03\/DSC04439-scaled.jpg 2560w, https:\/\/www.milansladekmimefest.eu\/sk\/wp-content\/uploads\/2025\/03\/DSC04439-300x169.jpg 300w, https:\/\/www.milansladekmimefest.eu\/sk\/wp-content\/uploads\/2025\/03\/DSC04439-1024x576.jpg 1024w, https:\/\/www.milansladekmimefest.eu\/sk\/wp-content\/uploads\/2025\/03\/DSC04439-768x432.jpg 768w, https:\/\/www.milansladekmimefest.eu\/sk\/wp-content\/uploads\/2025\/03\/DSC04439-1536x864.jpg 1536w, https:\/\/www.milansladekmimefest.eu\/sk\/wp-content\/uploads\/2025\/03\/DSC04439-2048x1152.jpg 2048w, https:\/\/www.milansladekmimefest.eu\/sk\/wp-content\/uploads\/2025\/03\/DSC04439-1000x562.jpg 1000w, https:\/\/www.milansladekmimefest.eu\/sk\/wp-content\/uploads\/2025\/03\/DSC04439-230x129.jpg 230w, https:\/\/www.milansladekmimefest.eu\/sk\/wp-content\/uploads\/2025\/03\/DSC04439-350x197.jpg 350w, https:\/\/www.milansladekmimefest.eu\/sk\/wp-content\/uploads\/2025\/03\/DSC04439-480x270.jpg 480w\" sizes=\"(max-width: 2560px) 100vw, 2560px\" \/><\/div><\/div><\/div><\/div>\n\t\t\t<!-- Add Pagination -->        \n\t\t\t<div class=\"wpr-swiper-pagination\"><\/div>\n\t\t\t<!-- Add Arrows -->\n\t\t\t<div class=\"wpr-button-prev wpr-timeline-prev-arrow wpr-timeline-prev-167d9b0\">\n\t\t\t\t<i class=\"fas fa-angle-left\"><\/i>\n\t\t\t<\/div>\n\t\t\t<div class=\"wpr-button-next wpr-timeline-next-arrow wpr-timeline-next-167d9b0\">\n\t\t\t\t<i class=\"fas fa-angle-left\"><\/i>\n\t\t\t<\/div>\n\t\t<\/div><\/div>\t\t\t\t<\/div>\n\t\t\t\t<\/div>\n\t\t\t\t<div class=\"elementor-element elementor-element-07b49b7 elementor-widget elementor-widget-smart_post_show_pro_shortcode\" data-id=\"07b49b7\" data-element_type=\"widget\" data-widget_type=\"smart_post_show_pro_shortcode.default\">\n\t\t\t\t<div class=\"elementor-widget-container\">\n\t\t\t\t\t<div style=\"text-align: center; margin-top: 0; padding: 10px\" class=\"elementor-add-section-drag-title\">Select a shortcode<\/div>\t\t\t\t<\/div>\n\t\t\t\t<\/div>\n\t\t\t\t\t<\/div>\n\t\t\t\t<\/div>\n\t\t<div class=\"elementor-element elementor-element-149996a e-flex e-con-boxed wpr-particle-no wpr-jarallax-no wpr-parallax-no wpr-sticky-section-no e-con e-parent\" data-id=\"149996a\" data-element_type=\"container\">\n\t\t\t\t\t<div class=\"e-con-inner\">\n\t\t\t\t<div class=\"elementor-element elementor-element-a07704a elementor-widget elementor-widget-heading\" data-id=\"a07704a\" data-element_type=\"widget\" data-widget_type=\"heading.default\">\n\t\t\t\t<div class=\"elementor-widget-container\">\n\t\t\t\t\t<h2 class=\"elementor-heading-title elementor-size-default\">Pova\u017esk\u00e1 Bystrica<\/h2>\t\t\t\t<\/div>\n\t\t\t\t<\/div>\n\t\t\t\t\t<\/div>\n\t\t\t\t<\/div>\n\t\t<div class=\"elementor-element elementor-element-50b6599b e-flex e-con-boxed wpr-particle-no wpr-jarallax-no wpr-parallax-no wpr-sticky-section-no e-con e-parent\" data-id=\"50b6599b\" data-element_type=\"container\">\n\t\t\t\t\t<div class=\"e-con-inner\">\n\t\t\t\t<div class=\"elementor-element elementor-element-4a2fe4fc wpr-list-style-none elementor-widget elementor-widget-wpr-posts-timeline\" data-id=\"4a2fe4fc\" data-element_type=\"widget\" data-settings=\"{&quot;swiper_speed&quot;:500}\" data-widget_type=\"wpr-posts-timeline.default\">\n\t\t\t\t<div class=\"elementor-widget-container\">\n\t\t\t\t\t<div class=\"wpr-timeline-outer-container\"><div class=\"wpr-wrapper swiper wpr-horizontal\" dir=\"\" data-slidestoshow = \"3\" data-autoplay=\"\" data-loop=\"\" data-swiper-speed=\"500\" data-swiper-delay=\"0\" data-swiper-poh=\"\" data-swiper-space-between=\"5\"><div class=\"swiper-wrapper wpr-horizontal-timeline\"><div class=\"swiper-slide swiper-slide-line-bottom auto-height elementor-repeater-item-1071c2d\"><div class=\"wpr-extra-label\" ><span class=\"wpr-label\" >17:00<\/span><span class=\"wpr-sub-label\" >\u0161tvrtok 29.m\u00e1j<\/span><\/div><div class=\"wpr-main-line-icon wpr-icon\"><svg aria-hidden=\"true\" class=\"e-font-icon-svg e-far-eye\" viewBox=\"0 0 576 512\" xmlns=\"http:\/\/www.w3.org\/2000\/svg\"><path d=\"M288 144a110.94 110.94 0 0 0-31.24 5 55.4 55.4 0 0 1 7.24 27 56 56 0 0 1-56 56 55.4 55.4 0 0 1-27-7.24A111.71 111.71 0 1 0 288 144zm284.52 97.4C518.29 135.59 410.93 64 288 64S57.68 135.64 3.48 241.41a32.35 32.35 0 0 0 0 29.19C57.71 376.41 165.07 448 288 448s230.32-71.64 284.52-177.41a32.35 32.35 0 0 0 0-29.19zM288 400c-98.65 0-189.09-55-237.93-144C98.91 167 189.34 112 288 112s189.09 55 237.93 144C477.1 345 386.66 400 288 400z\"><\/path><\/svg><\/div><div class=\"wpr-story-info \"><div class=\"wpr-timeline-content-wrapper\"><p class=\"wpr-title-wrap\"><a class=\"wpr-title\"href=\"https:\/\/www.milansladekmimefest.eu\/sk\/2025\/01\/26\/hamu-cz\/\" target=\"_blank\" rel=\"nofollow\">HAMU (CZ)<\/a><\/p><\/div><div class=\"wpr-animation-wrap wpr-timeline-media\"><img loading=\"lazy\" decoding=\"async\" width=\"1400\" height=\"934\" src=\"https:\/\/www.milansladekmimefest.eu\/sk\/wp-content\/uploads\/2025\/01\/hamu.jpg\" class=\"attachment-full size-full\" alt=\"\" srcset=\"https:\/\/www.milansladekmimefest.eu\/sk\/wp-content\/uploads\/2025\/01\/hamu.jpg 1400w, https:\/\/www.milansladekmimefest.eu\/sk\/wp-content\/uploads\/2025\/01\/hamu-300x200.jpg 300w, https:\/\/www.milansladekmimefest.eu\/sk\/wp-content\/uploads\/2025\/01\/hamu-1024x683.jpg 1024w, https:\/\/www.milansladekmimefest.eu\/sk\/wp-content\/uploads\/2025\/01\/hamu-768x512.jpg 768w, https:\/\/www.milansladekmimefest.eu\/sk\/wp-content\/uploads\/2025\/01\/hamu-1000x667.jpg 1000w, https:\/\/www.milansladekmimefest.eu\/sk\/wp-content\/uploads\/2025\/01\/hamu-230x153.jpg 230w, https:\/\/www.milansladekmimefest.eu\/sk\/wp-content\/uploads\/2025\/01\/hamu-350x234.jpg 350w, https:\/\/www.milansladekmimefest.eu\/sk\/wp-content\/uploads\/2025\/01\/hamu-480x320.jpg 480w\" sizes=\"(max-width: 1400px) 100vw, 1400px\" \/><\/div><\/div><\/div><div class=\"swiper-slide swiper-slide-line-bottom auto-height elementor-repeater-item-144d202\"><div class=\"wpr-extra-label\" ><span class=\"wpr-label\" >19:30<\/span><span class=\"wpr-sub-label\" >\u0161tvrtok 29. m\u00e1j<\/span><\/div><div class=\"wpr-main-line-icon wpr-icon\"><svg aria-hidden=\"true\" class=\"e-font-icon-svg e-far-eye\" viewBox=\"0 0 576 512\" xmlns=\"http:\/\/www.w3.org\/2000\/svg\"><path d=\"M288 144a110.94 110.94 0 0 0-31.24 5 55.4 55.4 0 0 1 7.24 27 56 56 0 0 1-56 56 55.4 55.4 0 0 1-27-7.24A111.71 111.71 0 1 0 288 144zm284.52 97.4C518.29 135.59 410.93 64 288 64S57.68 135.64 3.48 241.41a32.35 32.35 0 0 0 0 29.19C57.71 376.41 165.07 448 288 448s230.32-71.64 284.52-177.41a32.35 32.35 0 0 0 0-29.19zM288 400c-98.65 0-189.09-55-237.93-144C98.91 167 189.34 112 288 112s189.09 55 237.93 144C477.1 345 386.66 400 288 400z\"><\/path><\/svg><\/div><div class=\"wpr-story-info \"><div class=\"wpr-timeline-content-wrapper\"><p class=\"wpr-title-wrap\"><a class=\"wpr-title\"href=\"https:\/\/www.milansladekmimefest.eu\/sk\/2025\/03\/14\/pavol-seris-sk\/\" target=\"_blank\" rel=\"nofollow\">Pavol Seri\u0161 (SK)<\/a><\/p><\/div><div class=\"wpr-animation-wrap wpr-timeline-media\"><img loading=\"lazy\" decoding=\"async\" width=\"2560\" height=\"1707\" src=\"https:\/\/www.milansladekmimefest.eu\/sk\/wp-content\/uploads\/2025\/03\/EMF2025_Milan_Sladek_Seris_1-1-scaled.jpg\" class=\"attachment-full size-full\" alt=\"\" srcset=\"https:\/\/www.milansladekmimefest.eu\/sk\/wp-content\/uploads\/2025\/03\/EMF2025_Milan_Sladek_Seris_1-1-scaled.jpg 2560w, https:\/\/www.milansladekmimefest.eu\/sk\/wp-content\/uploads\/2025\/03\/EMF2025_Milan_Sladek_Seris_1-1-300x200.jpg 300w, https:\/\/www.milansladekmimefest.eu\/sk\/wp-content\/uploads\/2025\/03\/EMF2025_Milan_Sladek_Seris_1-1-1024x683.jpg 1024w, https:\/\/www.milansladekmimefest.eu\/sk\/wp-content\/uploads\/2025\/03\/EMF2025_Milan_Sladek_Seris_1-1-768x512.jpg 768w, https:\/\/www.milansladekmimefest.eu\/sk\/wp-content\/uploads\/2025\/03\/EMF2025_Milan_Sladek_Seris_1-1-1536x1024.jpg 1536w, https:\/\/www.milansladekmimefest.eu\/sk\/wp-content\/uploads\/2025\/03\/EMF2025_Milan_Sladek_Seris_1-1-2048x1366.jpg 2048w, https:\/\/www.milansladekmimefest.eu\/sk\/wp-content\/uploads\/2025\/03\/EMF2025_Milan_Sladek_Seris_1-1-1000x667.jpg 1000w, https:\/\/www.milansladekmimefest.eu\/sk\/wp-content\/uploads\/2025\/03\/EMF2025_Milan_Sladek_Seris_1-1-230x153.jpg 230w, https:\/\/www.milansladekmimefest.eu\/sk\/wp-content\/uploads\/2025\/03\/EMF2025_Milan_Sladek_Seris_1-1-350x233.jpg 350w, https:\/\/www.milansladekmimefest.eu\/sk\/wp-content\/uploads\/2025\/03\/EMF2025_Milan_Sladek_Seris_1-1-480x320.jpg 480w\" sizes=\"(max-width: 2560px) 100vw, 2560px\" \/><\/div><\/div><\/div><div class=\"swiper-slide swiper-slide-line-bottom auto-height elementor-repeater-item-f49609e\"><div class=\"wpr-extra-label\" ><span class=\"wpr-label\" >17:00<\/span><span class=\"wpr-sub-label\" >piatok 30. m\u00e1j<\/span><\/div><div class=\"wpr-main-line-icon wpr-icon\"><svg aria-hidden=\"true\" class=\"e-font-icon-svg e-far-eye\" viewBox=\"0 0 576 512\" xmlns=\"http:\/\/www.w3.org\/2000\/svg\"><path d=\"M288 144a110.94 110.94 0 0 0-31.24 5 55.4 55.4 0 0 1 7.24 27 56 56 0 0 1-56 56 55.4 55.4 0 0 1-27-7.24A111.71 111.71 0 1 0 288 144zm284.52 97.4C518.29 135.59 410.93 64 288 64S57.68 135.64 3.48 241.41a32.35 32.35 0 0 0 0 29.19C57.71 376.41 165.07 448 288 448s230.32-71.64 284.52-177.41a32.35 32.35 0 0 0 0-29.19zM288 400c-98.65 0-189.09-55-237.93-144C98.91 167 189.34 112 288 112s189.09 55 237.93 144C477.1 345 386.66 400 288 400z\"><\/path><\/svg><\/div><div class=\"wpr-story-info \"><div class=\"wpr-timeline-content-wrapper\"><p class=\"wpr-title-wrap\"><a class=\"wpr-title\"href=\"https:\/\/www.milansladekmimefest.eu\/sk\/2025\/01\/26\/peter-biel-cz\/\" target=\"_blank\" rel=\"nofollow\">Peter Biel (CZ)<\/a><\/p><\/div><div class=\"wpr-animation-wrap wpr-timeline-media\"><img decoding=\"async\" width=\"2560\" height=\"1709\" src=\"https:\/\/www.milansladekmimefest.eu\/sk\/wp-content\/uploads\/2025\/01\/EMF2025_Milan_Sladek_Peter_Biel_1-scaled.jpg\" class=\"attachment-full size-full\" alt=\"\" srcset=\"https:\/\/www.milansladekmimefest.eu\/sk\/wp-content\/uploads\/2025\/01\/EMF2025_Milan_Sladek_Peter_Biel_1-scaled.jpg 2560w, https:\/\/www.milansladekmimefest.eu\/sk\/wp-content\/uploads\/2025\/01\/EMF2025_Milan_Sladek_Peter_Biel_1-300x200.jpg 300w, https:\/\/www.milansladekmimefest.eu\/sk\/wp-content\/uploads\/2025\/01\/EMF2025_Milan_Sladek_Peter_Biel_1-1024x684.jpg 1024w, https:\/\/www.milansladekmimefest.eu\/sk\/wp-content\/uploads\/2025\/01\/EMF2025_Milan_Sladek_Peter_Biel_1-768x513.jpg 768w, https:\/\/www.milansladekmimefest.eu\/sk\/wp-content\/uploads\/2025\/01\/EMF2025_Milan_Sladek_Peter_Biel_1-1536x1025.jpg 1536w, https:\/\/www.milansladekmimefest.eu\/sk\/wp-content\/uploads\/2025\/01\/EMF2025_Milan_Sladek_Peter_Biel_1-2048x1367.jpg 2048w, https:\/\/www.milansladekmimefest.eu\/sk\/wp-content\/uploads\/2025\/01\/EMF2025_Milan_Sladek_Peter_Biel_1-1000x668.jpg 1000w, https:\/\/www.milansladekmimefest.eu\/sk\/wp-content\/uploads\/2025\/01\/EMF2025_Milan_Sladek_Peter_Biel_1-230x154.jpg 230w, https:\/\/www.milansladekmimefest.eu\/sk\/wp-content\/uploads\/2025\/01\/EMF2025_Milan_Sladek_Peter_Biel_1-350x234.jpg 350w, https:\/\/www.milansladekmimefest.eu\/sk\/wp-content\/uploads\/2025\/01\/EMF2025_Milan_Sladek_Peter_Biel_1-480x320.jpg 480w\" sizes=\"(max-width: 2560px) 100vw, 2560px\" \/><\/div><\/div><\/div><div class=\"swiper-slide swiper-slide-line-bottom auto-height elementor-repeater-item-6eefc75\"><div class=\"wpr-extra-label\" ><span class=\"wpr-label\" >19:30<\/span><span class=\"wpr-sub-label\" >piatok 30. m\u00e1j<\/span><\/div><div class=\"wpr-main-line-icon wpr-icon\"><svg aria-hidden=\"true\" class=\"e-font-icon-svg e-far-eye\" viewBox=\"0 0 576 512\" xmlns=\"http:\/\/www.w3.org\/2000\/svg\"><path d=\"M288 144a110.94 110.94 0 0 0-31.24 5 55.4 55.4 0 0 1 7.24 27 56 56 0 0 1-56 56 55.4 55.4 0 0 1-27-7.24A111.71 111.71 0 1 0 288 144zm284.52 97.4C518.29 135.59 410.93 64 288 64S57.68 135.64 3.48 241.41a32.35 32.35 0 0 0 0 29.19C57.71 376.41 165.07 448 288 448s230.32-71.64 284.52-177.41a32.35 32.35 0 0 0 0-29.19zM288 400c-98.65 0-189.09-55-237.93-144C98.91 167 189.34 112 288 112s189.09 55 237.93 144C477.1 345 386.66 400 288 400z\"><\/path><\/svg><\/div><div class=\"wpr-story-info \"><div class=\"wpr-timeline-content-wrapper\"><p class=\"wpr-title-wrap\"><a class=\"wpr-title\"href=\"https:\/\/www.milansladekmimefest.eu\/sk\/2025\/01\/26\/compagnie-mangano-massip-fr\/\" target=\"_blank\" rel=\"nofollow\">Compagnie Mangano-Massip (FR)<\/a><\/p><\/div><div class=\"wpr-animation-wrap wpr-timeline-media\"><img loading=\"lazy\" decoding=\"async\" width=\"2560\" height=\"1711\" src=\"https:\/\/www.milansladekmimefest.eu\/sk\/wp-content\/uploads\/2025\/02\/2-DSC_0213-scaled.jpg\" class=\"attachment-full size-full\" alt=\"\" srcset=\"https:\/\/www.milansladekmimefest.eu\/sk\/wp-content\/uploads\/2025\/02\/2-DSC_0213-scaled.jpg 2560w, https:\/\/www.milansladekmimefest.eu\/sk\/wp-content\/uploads\/2025\/02\/2-DSC_0213-300x201.jpg 300w, https:\/\/www.milansladekmimefest.eu\/sk\/wp-content\/uploads\/2025\/02\/2-DSC_0213-1024x684.jpg 1024w, https:\/\/www.milansladekmimefest.eu\/sk\/wp-content\/uploads\/2025\/02\/2-DSC_0213-768x513.jpg 768w, https:\/\/www.milansladekmimefest.eu\/sk\/wp-content\/uploads\/2025\/02\/2-DSC_0213-1536x1027.jpg 1536w, https:\/\/www.milansladekmimefest.eu\/sk\/wp-content\/uploads\/2025\/02\/2-DSC_0213-2048x1369.jpg 2048w, https:\/\/www.milansladekmimefest.eu\/sk\/wp-content\/uploads\/2025\/02\/2-DSC_0213-1000x668.jpg 1000w, https:\/\/www.milansladekmimefest.eu\/sk\/wp-content\/uploads\/2025\/02\/2-DSC_0213-230x154.jpg 230w, https:\/\/www.milansladekmimefest.eu\/sk\/wp-content\/uploads\/2025\/02\/2-DSC_0213-350x234.jpg 350w, https:\/\/www.milansladekmimefest.eu\/sk\/wp-content\/uploads\/2025\/02\/2-DSC_0213-480x321.jpg 480w\" sizes=\"(max-width: 2560px) 100vw, 2560px\" \/><\/div><\/div><\/div><\/div>\n\t\t\t<!-- Add Pagination -->        \n\t\t\t<div class=\"wpr-swiper-pagination\"><\/div>\n\t\t\t<!-- Add Arrows -->\n\t\t\t<div class=\"wpr-button-prev wpr-timeline-prev-arrow wpr-timeline-prev-4a2fe4fc\">\n\t\t\t\t<i class=\"fas fa-angle-left\"><\/i>\n\t\t\t<\/div>\n\t\t\t<div class=\"wpr-button-next wpr-timeline-next-arrow wpr-timeline-next-4a2fe4fc\">\n\t\t\t\t<i class=\"fas fa-angle-left\"><\/i>\n\t\t\t<\/div>\n\t\t<\/div><\/div>\t\t\t\t<\/div>\n\t\t\t\t<\/div>\n\t\t\t\t<div class=\"elementor-element elementor-element-36afbcb elementor-widget elementor-widget-smart_post_show_pro_shortcode\" data-id=\"36afbcb\" data-element_type=\"widget\" data-widget_type=\"smart_post_show_pro_shortcode.default\">\n\t\t\t\t<div class=\"elementor-widget-container\">\n\t\t\t\t\t<div style=\"text-align: center; margin-top: 0; padding: 10px\" class=\"elementor-add-section-drag-title\">Select a shortcode<\/div>\t\t\t\t<\/div>\n\t\t\t\t<\/div>\n\t\t\t\t<div class=\"elementor-element elementor-element-5179b6d elementor-widget elementor-widget-heading\" data-id=\"5179b6d\" data-element_type=\"widget\" data-widget_type=\"heading.default\">\n\t\t\t\t<div class=\"elementor-widget-container\">\n\t\t\t\t\t<h2 class=\"elementor-heading-title elementor-size-default\">Tren\u010d\u00edn<\/h2>\t\t\t\t<\/div>\n\t\t\t\t<\/div>\n\t\t\t\t\t<\/div>\n\t\t\t\t<\/div>\n\t\t<div class=\"elementor-element elementor-element-c287be5 e-flex e-con-boxed wpr-particle-no wpr-jarallax-no wpr-parallax-no wpr-sticky-section-no e-con e-parent\" data-id=\"c287be5\" data-element_type=\"container\">\n\t\t\t\t\t<div class=\"e-con-inner\">\n\t\t\t\t<div class=\"elementor-element elementor-element-570dc8b wpr-list-style-none elementor-widget elementor-widget-wpr-posts-timeline\" data-id=\"570dc8b\" data-element_type=\"widget\" data-settings=\"{&quot;swiper_speed&quot;:500}\" data-widget_type=\"wpr-posts-timeline.default\">\n\t\t\t\t<div class=\"elementor-widget-container\">\n\t\t\t\t\t<div class=\"wpr-timeline-outer-container\"><div class=\"wpr-wrapper swiper wpr-horizontal\" dir=\"\" data-slidestoshow = \"3\" data-autoplay=\"\" data-loop=\"\" data-swiper-speed=\"500\" data-swiper-delay=\"0\" data-swiper-poh=\"\" data-swiper-space-between=\"7\"><div class=\"swiper-wrapper wpr-horizontal-timeline\"><div class=\"swiper-slide swiper-slide-line-bottom auto-height elementor-repeater-item-1071c2d\"><div class=\"wpr-extra-label\" ><span class=\"wpr-label\" >17:00<\/span><span class=\"wpr-sub-label\" >\u0161tvrtok 29.m\u00e1j<\/span><\/div><div class=\"wpr-main-line-icon wpr-icon\"><svg aria-hidden=\"true\" class=\"e-font-icon-svg e-far-eye\" viewBox=\"0 0 576 512\" xmlns=\"http:\/\/www.w3.org\/2000\/svg\"><path d=\"M288 144a110.94 110.94 0 0 0-31.24 5 55.4 55.4 0 0 1 7.24 27 56 56 0 0 1-56 56 55.4 55.4 0 0 1-27-7.24A111.71 111.71 0 1 0 288 144zm284.52 97.4C518.29 135.59 410.93 64 288 64S57.68 135.64 3.48 241.41a32.35 32.35 0 0 0 0 29.19C57.71 376.41 165.07 448 288 448s230.32-71.64 284.52-177.41a32.35 32.35 0 0 0 0-29.19zM288 400c-98.65 0-189.09-55-237.93-144C98.91 167 189.34 112 288 112s189.09 55 237.93 144C477.1 345 386.66 400 288 400z\"><\/path><\/svg><\/div><div class=\"wpr-story-info \"><div class=\"wpr-timeline-content-wrapper\"><p class=\"wpr-title-wrap\"><a class=\"wpr-title\"href=\"https:\/\/www.milansladekmimefest.eu\/sk\/2025\/03\/14\/sena-didi-mime-idn\/\" target=\"_blank\" rel=\"nofollow\">Sena Didi Mime (IND)<\/a><\/p><\/div><div class=\"wpr-animation-wrap wpr-timeline-media\"><img decoding=\"async\" width=\"2560\" height=\"1439\" src=\"https:\/\/www.milansladekmimefest.eu\/sk\/wp-content\/uploads\/2025\/03\/DSC04439-scaled.jpg\" class=\"attachment-full size-full\" alt=\"\" srcset=\"https:\/\/www.milansladekmimefest.eu\/sk\/wp-content\/uploads\/2025\/03\/DSC04439-scaled.jpg 2560w, https:\/\/www.milansladekmimefest.eu\/sk\/wp-content\/uploads\/2025\/03\/DSC04439-300x169.jpg 300w, https:\/\/www.milansladekmimefest.eu\/sk\/wp-content\/uploads\/2025\/03\/DSC04439-1024x576.jpg 1024w, https:\/\/www.milansladekmimefest.eu\/sk\/wp-content\/uploads\/2025\/03\/DSC04439-768x432.jpg 768w, https:\/\/www.milansladekmimefest.eu\/sk\/wp-content\/uploads\/2025\/03\/DSC04439-1536x864.jpg 1536w, https:\/\/www.milansladekmimefest.eu\/sk\/wp-content\/uploads\/2025\/03\/DSC04439-2048x1152.jpg 2048w, https:\/\/www.milansladekmimefest.eu\/sk\/wp-content\/uploads\/2025\/03\/DSC04439-1000x562.jpg 1000w, https:\/\/www.milansladekmimefest.eu\/sk\/wp-content\/uploads\/2025\/03\/DSC04439-230x129.jpg 230w, https:\/\/www.milansladekmimefest.eu\/sk\/wp-content\/uploads\/2025\/03\/DSC04439-350x197.jpg 350w, https:\/\/www.milansladekmimefest.eu\/sk\/wp-content\/uploads\/2025\/03\/DSC04439-480x270.jpg 480w\" sizes=\"(max-width: 2560px) 100vw, 2560px\" \/><\/div><\/div><\/div><div class=\"swiper-slide swiper-slide-line-bottom auto-height elementor-repeater-item-144d202\"><div class=\"wpr-extra-label\" ><span class=\"wpr-label\" >19:30<\/span><span class=\"wpr-sub-label\" >\u0161tvrtok 29. m\u00e1j<\/span><\/div><div class=\"wpr-main-line-icon wpr-icon\"><svg aria-hidden=\"true\" class=\"e-font-icon-svg e-far-eye\" viewBox=\"0 0 576 512\" xmlns=\"http:\/\/www.w3.org\/2000\/svg\"><path d=\"M288 144a110.94 110.94 0 0 0-31.24 5 55.4 55.4 0 0 1 7.24 27 56 56 0 0 1-56 56 55.4 55.4 0 0 1-27-7.24A111.71 111.71 0 1 0 288 144zm284.52 97.4C518.29 135.59 410.93 64 288 64S57.68 135.64 3.48 241.41a32.35 32.35 0 0 0 0 29.19C57.71 376.41 165.07 448 288 448s230.32-71.64 284.52-177.41a32.35 32.35 0 0 0 0-29.19zM288 400c-98.65 0-189.09-55-237.93-144C98.91 167 189.34 112 288 112s189.09 55 237.93 144C477.1 345 386.66 400 288 400z\"><\/path><\/svg><\/div><div class=\"wpr-story-info \"><div class=\"wpr-timeline-content-wrapper\"><p class=\"wpr-title-wrap\"><a class=\"wpr-title\"href=\"https:\/\/www.milansladekmimefest.eu\/sk\/2025\/01\/26\/compagnie-mangano-massip-fr\/\" target=\"_blank\" rel=\"nofollow\">Compagnie Mangano-Massip (FR)<\/a><\/p><\/div><div class=\"wpr-animation-wrap wpr-timeline-media\"><img loading=\"lazy\" decoding=\"async\" width=\"2560\" height=\"1711\" src=\"https:\/\/www.milansladekmimefest.eu\/sk\/wp-content\/uploads\/2025\/02\/2-DSC_0213-scaled.jpg\" class=\"attachment-full size-full\" alt=\"\" srcset=\"https:\/\/www.milansladekmimefest.eu\/sk\/wp-content\/uploads\/2025\/02\/2-DSC_0213-scaled.jpg 2560w, https:\/\/www.milansladekmimefest.eu\/sk\/wp-content\/uploads\/2025\/02\/2-DSC_0213-300x201.jpg 300w, https:\/\/www.milansladekmimefest.eu\/sk\/wp-content\/uploads\/2025\/02\/2-DSC_0213-1024x684.jpg 1024w, https:\/\/www.milansladekmimefest.eu\/sk\/wp-content\/uploads\/2025\/02\/2-DSC_0213-768x513.jpg 768w, https:\/\/www.milansladekmimefest.eu\/sk\/wp-content\/uploads\/2025\/02\/2-DSC_0213-1536x1027.jpg 1536w, https:\/\/www.milansladekmimefest.eu\/sk\/wp-content\/uploads\/2025\/02\/2-DSC_0213-2048x1369.jpg 2048w, https:\/\/www.milansladekmimefest.eu\/sk\/wp-content\/uploads\/2025\/02\/2-DSC_0213-1000x668.jpg 1000w, https:\/\/www.milansladekmimefest.eu\/sk\/wp-content\/uploads\/2025\/02\/2-DSC_0213-230x154.jpg 230w, https:\/\/www.milansladekmimefest.eu\/sk\/wp-content\/uploads\/2025\/02\/2-DSC_0213-350x234.jpg 350w, https:\/\/www.milansladekmimefest.eu\/sk\/wp-content\/uploads\/2025\/02\/2-DSC_0213-480x321.jpg 480w\" sizes=\"(max-width: 2560px) 100vw, 2560px\" \/><\/div><\/div><\/div><div class=\"swiper-slide swiper-slide-line-bottom auto-height elementor-repeater-item-f49609e\"><div class=\"wpr-extra-label\" ><span class=\"wpr-label\" >17:00<\/span><span class=\"wpr-sub-label\" >piatok 30. m\u00e1j<\/span><\/div><div class=\"wpr-main-line-icon wpr-icon\"><svg aria-hidden=\"true\" class=\"e-font-icon-svg e-far-eye\" viewBox=\"0 0 576 512\" xmlns=\"http:\/\/www.w3.org\/2000\/svg\"><path d=\"M288 144a110.94 110.94 0 0 0-31.24 5 55.4 55.4 0 0 1 7.24 27 56 56 0 0 1-56 56 55.4 55.4 0 0 1-27-7.24A111.71 111.71 0 1 0 288 144zm284.52 97.4C518.29 135.59 410.93 64 288 64S57.68 135.64 3.48 241.41a32.35 32.35 0 0 0 0 29.19C57.71 376.41 165.07 448 288 448s230.32-71.64 284.52-177.41a32.35 32.35 0 0 0 0-29.19zM288 400c-98.65 0-189.09-55-237.93-144C98.91 167 189.34 112 288 112s189.09 55 237.93 144C477.1 345 386.66 400 288 400z\"><\/path><\/svg><\/div><div class=\"wpr-story-info \"><div class=\"wpr-timeline-content-wrapper\"><p class=\"wpr-title-wrap\"><a class=\"wpr-title\"href=\"https:\/\/www.milansladekmimefest.eu\/sk\/2025\/01\/26\/hamu-cz\/\" target=\"_blank\" rel=\"nofollow\">Hamu (CZ)<\/a><\/p><\/div><div class=\"wpr-animation-wrap wpr-timeline-media\"><img loading=\"lazy\" decoding=\"async\" width=\"1400\" height=\"934\" src=\"https:\/\/www.milansladekmimefest.eu\/sk\/wp-content\/uploads\/2025\/02\/Za-oponou_Kristyna-Koudelova.jpg\" class=\"attachment-full size-full\" alt=\"\" srcset=\"https:\/\/www.milansladekmimefest.eu\/sk\/wp-content\/uploads\/2025\/02\/Za-oponou_Kristyna-Koudelova.jpg 1400w, https:\/\/www.milansladekmimefest.eu\/sk\/wp-content\/uploads\/2025\/02\/Za-oponou_Kristyna-Koudelova-300x200.jpg 300w, https:\/\/www.milansladekmimefest.eu\/sk\/wp-content\/uploads\/2025\/02\/Za-oponou_Kristyna-Koudelova-1024x683.jpg 1024w, https:\/\/www.milansladekmimefest.eu\/sk\/wp-content\/uploads\/2025\/02\/Za-oponou_Kristyna-Koudelova-768x512.jpg 768w, https:\/\/www.milansladekmimefest.eu\/sk\/wp-content\/uploads\/2025\/02\/Za-oponou_Kristyna-Koudelova-1000x667.jpg 1000w, https:\/\/www.milansladekmimefest.eu\/sk\/wp-content\/uploads\/2025\/02\/Za-oponou_Kristyna-Koudelova-230x153.jpg 230w, https:\/\/www.milansladekmimefest.eu\/sk\/wp-content\/uploads\/2025\/02\/Za-oponou_Kristyna-Koudelova-350x234.jpg 350w, https:\/\/www.milansladekmimefest.eu\/sk\/wp-content\/uploads\/2025\/02\/Za-oponou_Kristyna-Koudelova-480x320.jpg 480w\" sizes=\"(max-width: 1400px) 100vw, 1400px\" \/><\/div><\/div><\/div><div class=\"swiper-slide swiper-slide-line-bottom auto-height elementor-repeater-item-6eefc75\"><div class=\"wpr-extra-label\" ><span class=\"wpr-label\" >19:30<\/span><span class=\"wpr-sub-label\" >piatok 30. m\u00e1j<\/span><\/div><div class=\"wpr-main-line-icon wpr-icon\"><svg aria-hidden=\"true\" class=\"e-font-icon-svg e-far-eye\" viewBox=\"0 0 576 512\" xmlns=\"http:\/\/www.w3.org\/2000\/svg\"><path d=\"M288 144a110.94 110.94 0 0 0-31.24 5 55.4 55.4 0 0 1 7.24 27 56 56 0 0 1-56 56 55.4 55.4 0 0 1-27-7.24A111.71 111.71 0 1 0 288 144zm284.52 97.4C518.29 135.59 410.93 64 288 64S57.68 135.64 3.48 241.41a32.35 32.35 0 0 0 0 29.19C57.71 376.41 165.07 448 288 448s230.32-71.64 284.52-177.41a32.35 32.35 0 0 0 0-29.19zM288 400c-98.65 0-189.09-55-237.93-144C98.91 167 189.34 112 288 112s189.09 55 237.93 144C477.1 345 386.66 400 288 400z\"><\/path><\/svg><\/div><div class=\"wpr-story-info \"><div class=\"wpr-timeline-content-wrapper\"><p class=\"wpr-title-wrap\"><a class=\"wpr-title\"href=\"https:\/\/www.milansladekmimefest.eu\/sk\/2025\/03\/14\/radim-vizvary-cz\/\" target=\"_blank\" rel=\"nofollow\">Radim Vizv\u00e1ry (CZ)<\/a><\/p><\/div><div class=\"wpr-animation-wrap wpr-timeline-media\"><img loading=\"lazy\" decoding=\"async\" width=\"1024\" height=\"529\" src=\"https:\/\/www.milansladekmimefest.eu\/sk\/wp-content\/uploads\/2025\/03\/EMF2025_Milan_Sldek_Vizvary_1.jpg\" class=\"attachment-full size-full\" alt=\"\" srcset=\"https:\/\/www.milansladekmimefest.eu\/sk\/wp-content\/uploads\/2025\/03\/EMF2025_Milan_Sldek_Vizvary_1.jpg 1024w, https:\/\/www.milansladekmimefest.eu\/sk\/wp-content\/uploads\/2025\/03\/EMF2025_Milan_Sldek_Vizvary_1-300x155.jpg 300w, https:\/\/www.milansladekmimefest.eu\/sk\/wp-content\/uploads\/2025\/03\/EMF2025_Milan_Sldek_Vizvary_1-768x397.jpg 768w, https:\/\/www.milansladekmimefest.eu\/sk\/wp-content\/uploads\/2025\/03\/EMF2025_Milan_Sldek_Vizvary_1-1000x517.jpg 1000w, https:\/\/www.milansladekmimefest.eu\/sk\/wp-content\/uploads\/2025\/03\/EMF2025_Milan_Sldek_Vizvary_1-230x119.jpg 230w, https:\/\/www.milansladekmimefest.eu\/sk\/wp-content\/uploads\/2025\/03\/EMF2025_Milan_Sldek_Vizvary_1-350x181.jpg 350w, https:\/\/www.milansladekmimefest.eu\/sk\/wp-content\/uploads\/2025\/03\/EMF2025_Milan_Sldek_Vizvary_1-480x248.jpg 480w\" sizes=\"(max-width: 1024px) 100vw, 1024px\" \/><\/div><\/div><\/div><\/div>\n\t\t\t<!-- Add Pagination -->        \n\t\t\t<div class=\"wpr-swiper-pagination\"><\/div>\n\t\t\t<!-- Add Arrows -->\n\t\t\t<div class=\"wpr-button-prev wpr-timeline-prev-arrow wpr-timeline-prev-570dc8b\">\n\t\t\t\t<i class=\"fas fa-angle-left\"><\/i>\n\t\t\t<\/div>\n\t\t\t<div class=\"wpr-button-next wpr-timeline-next-arrow wpr-timeline-next-570dc8b\">\n\t\t\t\t<i class=\"fas fa-angle-left\"><\/i>\n\t\t\t<\/div>\n\t\t<\/div><\/div>\t\t\t\t<\/div>\n\t\t\t\t<\/div>\n\t\t\t\t\t<\/div>\n\t\t\t\t<\/div>\n\t\t\t\t<\/div>\n\t\t","protected":false},"excerpt":{"rendered":"<p>P\u00fachov 18:00streda 28.m\u00e1j Otv\u00e1rac\u00ed ceremoni\u00e1l 19:30\u0161tvrtok 29. m\u00e1j Peter Biel (CZ) 19:30piatok 30. m\u00e1j Sena Didi Mime (IND) Select a shortcode Pova\u017esk\u00e1<\/p>\n","protected":false},"author":1,"featured_media":0,"parent":0,"menu_order":0,"comment_status":"closed","ping_status":"closed","template":"","meta":{"_acf_changed":false,"_monsterinsights_skip_tracking":false,"_monsterinsights_sitenote_active":false,"_monsterinsights_sitenote_note":"","_monsterinsights_sitenote_category":0,"_uf_show_specific_survey":0,"_uf_disable_surveys":false,"two_page_speed":[],"footnotes":""},"class_list":["post-11","page","type-page","status-publish","hentry"],"acf":[],"yoast_head":"<!-- This site is optimized with the Yoast SEO plugin v24.2 - https:\/\/yoast.com\/wordpress\/plugins\/seo\/ -->\n<title>Program_old - milansladekmimefest.eu<\/title>\n<meta name=\"robots\" content=\"index, follow, max-snippet:-1, max-image-preview:large, max-video-preview:-1\" \/>\n<link rel=\"canonical\" href=\"https:\/\/www.milansladekmimefest.eu\/sk\/programme\/\" \/>\n<meta property=\"og:locale\" content=\"sk_SK\" \/>\n<meta property=\"og:type\" content=\"article\" \/>\n<meta property=\"og:title\" content=\"Program_old - milansladekmimefest.eu\" \/>\n<meta property=\"og:description\" content=\"P\u00fachov 18:00streda 28.m\u00e1j Otv\u00e1rac\u00ed ceremoni\u00e1l 19:30\u0161tvrtok 29. m\u00e1j Peter Biel (CZ) 19:30piatok 30. m\u00e1j Sena Didi Mime (IND) Select a shortcode Pova\u017esk\u00e1\" \/>\n<meta property=\"og:url\" content=\"https:\/\/www.milansladekmimefest.eu\/sk\/programme\/\" \/>\n<meta property=\"og:site_name\" content=\"milansladekmimefest.eu\" \/>\n<meta property=\"article:modified_time\" content=\"2025-03-31T13:00:32+00:00\" \/>\n<meta property=\"og:image\" content=\"https:\/\/www.milansladekmimefest.eu\/sk\/wp-content\/uploads\/2025\/02\/cropped-android-chrome-512x512-2.png\" \/>\n<meta name=\"twitter:card\" content=\"summary_large_image\" \/>\n<meta name=\"twitter:label1\" content=\"Predpokladan\u00fd \u010das \u010d\u00edtania\" \/>\n\t<meta name=\"twitter:data1\" content=\"3 min\u00faty\" \/>\n<script type=\"application\/ld+json\" class=\"yoast-schema-graph\">{\"@context\":\"https:\/\/schema.org\",\"@graph\":[{\"@type\":\"WebPage\",\"@id\":\"https:\/\/www.milansladekmimefest.eu\/sk\/programme\/\",\"url\":\"https:\/\/www.milansladekmimefest.eu\/sk\/programme\/\",\"name\":\"Program_old - milansladekmimefest.eu\",\"isPartOf\":{\"@id\":\"https:\/\/www.milansladekmimefest.eu\/sk\/#website\"},\"primaryImageOfPage\":{\"@id\":\"https:\/\/www.milansladekmimefest.eu\/sk\/programme\/#primaryimage\"},\"image\":{\"@id\":\"https:\/\/www.milansladekmimefest.eu\/sk\/programme\/#primaryimage\"},\"thumbnailUrl\":\"https:\/\/www.milansladekmimefest.eu\/sk\/wp-content\/uploads\/2025\/02\/cropped-android-chrome-512x512-2.png\",\"datePublished\":\"2025-01-20T09:32:55+00:00\",\"dateModified\":\"2025-03-31T13:00:32+00:00\",\"breadcrumb\":{\"@id\":\"https:\/\/www.milansladekmimefest.eu\/sk\/programme\/#breadcrumb\"},\"inLanguage\":\"sk-SK\",\"potentialAction\":[{\"@type\":\"ReadAction\",\"target\":[\"https:\/\/www.milansladekmimefest.eu\/sk\/programme\/\"]}]},{\"@type\":\"ImageObject\",\"inLanguage\":\"sk-SK\",\"@id\":\"https:\/\/www.milansladekmimefest.eu\/sk\/programme\/#primaryimage\",\"url\":\"https:\/\/www.milansladekmimefest.eu\/sk\/wp-content\/uploads\/2025\/02\/cropped-android-chrome-512x512-2.png\",\"contentUrl\":\"https:\/\/www.milansladekmimefest.eu\/sk\/wp-content\/uploads\/2025\/02\/cropped-android-chrome-512x512-2.png\",\"width\":512,\"height\":512},{\"@type\":\"BreadcrumbList\",\"@id\":\"https:\/\/www.milansladekmimefest.eu\/sk\/programme\/#breadcrumb\",\"itemListElement\":[{\"@type\":\"ListItem\",\"position\":1,\"name\":\"Home\",\"item\":\"https:\/\/www.milansladekmimefest.eu\/sk\/\"},{\"@type\":\"ListItem\",\"position\":2,\"name\":\"Program_old\"}]},{\"@type\":\"WebSite\",\"@id\":\"https:\/\/www.milansladekmimefest.eu\/sk\/#website\",\"url\":\"https:\/\/www.milansladekmimefest.eu\/sk\/\",\"name\":\"milansladekmimefest.eu\",\"description\":\"\",\"potentialAction\":[{\"@type\":\"SearchAction\",\"target\":{\"@type\":\"EntryPoint\",\"urlTemplate\":\"https:\/\/www.milansladekmimefest.eu\/sk\/?s={search_term_string}\"},\"query-input\":{\"@type\":\"PropertyValueSpecification\",\"valueRequired\":true,\"valueName\":\"search_term_string\"}}],\"inLanguage\":\"sk-SK\"}]}<\/script>\n<!-- \/ Yoast SEO plugin. -->","yoast_head_json":{"title":"Program_old - milansladekmimefest.eu","robots":{"index":"index","follow":"follow","max-snippet":"max-snippet:-1","max-image-preview":"max-image-preview:large","max-video-preview":"max-video-preview:-1"},"canonical":"https:\/\/www.milansladekmimefest.eu\/sk\/programme\/","og_locale":"sk_SK","og_type":"article","og_title":"Program_old - milansladekmimefest.eu","og_description":"P\u00fachov 18:00streda 28.m\u00e1j Otv\u00e1rac\u00ed ceremoni\u00e1l 19:30\u0161tvrtok 29. m\u00e1j Peter Biel (CZ) 19:30piatok 30. m\u00e1j Sena Didi Mime (IND) Select a shortcode Pova\u017esk\u00e1","og_url":"https:\/\/www.milansladekmimefest.eu\/sk\/programme\/","og_site_name":"milansladekmimefest.eu","article_modified_time":"2025-03-31T13:00:32+00:00","og_image":[{"url":"https:\/\/www.milansladekmimefest.eu\/sk\/wp-content\/uploads\/2025\/02\/cropped-android-chrome-512x512-2.png","type":"","width":"","height":""}],"twitter_card":"summary_large_image","twitter_misc":{"Predpokladan\u00fd \u010das \u010d\u00edtania":"3 min\u00faty"},"schema":{"@context":"https:\/\/schema.org","@graph":[{"@type":"WebPage","@id":"https:\/\/www.milansladekmimefest.eu\/sk\/programme\/","url":"https:\/\/www.milansladekmimefest.eu\/sk\/programme\/","name":"Program_old - milansladekmimefest.eu","isPartOf":{"@id":"https:\/\/www.milansladekmimefest.eu\/sk\/#website"},"primaryImageOfPage":{"@id":"https:\/\/www.milansladekmimefest.eu\/sk\/programme\/#primaryimage"},"image":{"@id":"https:\/\/www.milansladekmimefest.eu\/sk\/programme\/#primaryimage"},"thumbnailUrl":"https:\/\/www.milansladekmimefest.eu\/sk\/wp-content\/uploads\/2025\/02\/cropped-android-chrome-512x512-2.png","datePublished":"2025-01-20T09:32:55+00:00","dateModified":"2025-03-31T13:00:32+00:00","breadcrumb":{"@id":"https:\/\/www.milansladekmimefest.eu\/sk\/programme\/#breadcrumb"},"inLanguage":"sk-SK","potentialAction":[{"@type":"ReadAction","target":["https:\/\/www.milansladekmimefest.eu\/sk\/programme\/"]}]},{"@type":"ImageObject","inLanguage":"sk-SK","@id":"https:\/\/www.milansladekmimefest.eu\/sk\/programme\/#primaryimage","url":"https:\/\/www.milansladekmimefest.eu\/sk\/wp-content\/uploads\/2025\/02\/cropped-android-chrome-512x512-2.png","contentUrl":"https:\/\/www.milansladekmimefest.eu\/sk\/wp-content\/uploads\/2025\/02\/cropped-android-chrome-512x512-2.png","width":512,"height":512},{"@type":"BreadcrumbList","@id":"https:\/\/www.milansladekmimefest.eu\/sk\/programme\/#breadcrumb","itemListElement":[{"@type":"ListItem","position":1,"name":"Home","item":"https:\/\/www.milansladekmimefest.eu\/sk\/"},{"@type":"ListItem","position":2,"name":"Program_old"}]},{"@type":"WebSite","@id":"https:\/\/www.milansladekmimefest.eu\/sk\/#website","url":"https:\/\/www.milansladekmimefest.eu\/sk\/","name":"milansladekmimefest.eu","description":"","potentialAction":[{"@type":"SearchAction","target":{"@type":"EntryPoint","urlTemplate":"https:\/\/www.milansladekmimefest.eu\/sk\/?s={search_term_string}"},"query-input":{"@type":"PropertyValueSpecification","valueRequired":true,"valueName":"search_term_string"}}],"inLanguage":"sk-SK"}]}},"_links":{"self":[{"href":"https:\/\/www.milansladekmimefest.eu\/sk\/wp-json\/wp\/v2\/pages\/11","targetHints":{"allow":["GET"]}}],"collection":[{"href":"https:\/\/www.milansladekmimefest.eu\/sk\/wp-json\/wp\/v2\/pages"}],"about":[{"href":"https:\/\/www.milansladekmimefest.eu\/sk\/wp-json\/wp\/v2\/types\/page"}],"author":[{"embeddable":true,"href":"https:\/\/www.milansladekmimefest.eu\/sk\/wp-json\/wp\/v2\/users\/1"}],"replies":[{"embeddable":true,"href":"https:\/\/www.milansladekmimefest.eu\/sk\/wp-json\/wp\/v2\/comments?post=11"}],"version-history":[{"count":87,"href":"https:\/\/www.milansladekmimefest.eu\/sk\/wp-json\/wp\/v2\/pages\/11\/revisions"}],"predecessor-version":[{"id":1059,"href":"https:\/\/www.milansladekmimefest.eu\/sk\/wp-json\/wp\/v2\/pages\/11\/revisions\/1059"}],"wp:attachment":[{"href":"https:\/\/www.milansladekmimefest.eu\/sk\/wp-json\/wp\/v2\/media?parent=11"}],"curies":[{"name":"wp","href":"https:\/\/api.w.org\/{rel}","templated":true}]}}