{"id":209,"date":"2025-01-24T16:47:39","date_gmt":"2025-01-24T15:47:39","guid":{"rendered":"https:\/\/www.milansladekmimefest.eu\/sk\/?page_id=209"},"modified":"2025-08-23T10:41:34","modified_gmt":"2025-08-23T08:41:34","slug":"home-2","status":"publish","type":"page","link":"https:\/\/www.milansladekmimefest.eu\/sk\/","title":{"rendered":"Domov"},"content":{"rendered":"\t\t<div data-elementor-type=\"wp-post\" data-elementor-id=\"209\" class=\"elementor elementor-209\">\n\t\t\t\t<div class=\"elementor-element elementor-element-fa48813 e-flex e-con-boxed wpr-particle-no wpr-jarallax-no wpr-parallax-no wpr-sticky-section-no e-con e-parent\" data-id=\"fa48813\" data-element_type=\"container\">\n\t\t\t\t\t<div class=\"e-con-inner\">\n\t\t\t\t<div class=\"elementor-element elementor-element-8ec1b9d elementor-widget elementor-widget-video\" data-id=\"8ec1b9d\" data-element_type=\"widget\" data-settings=\"{&quot;video_type&quot;:&quot;hosted&quot;,&quot;autoplay&quot;:&quot;yes&quot;,&quot;controls&quot;:&quot;yes&quot;}\" data-widget_type=\"video.default\">\n\t\t\t\t<div class=\"elementor-widget-container\">\n\t\t\t\t\t\t\t<div class=\"e-hosted-video elementor-wrapper elementor-open-inline\">\n\t\t\t\t\t<video class=\"elementor-video\" src=\"https:\/\/www.milansladekmimefest.eu\/sk\/wp-content\/uploads\/2025\/08\/zostrih_FB.mp4\" autoplay=\"\" controls=\"\" controlsList=\"nodownload\"><\/video>\n\t\t\t\t<\/div>\n\t\t\t\t\t\t<\/div>\n\t\t\t\t<\/div>\n\t\t\t\t\t<\/div>\n\t\t\t\t<\/div>\n\t\t<div class=\"elementor-element elementor-element-7b3ce2f e-flex e-con-boxed wpr-particle-no wpr-jarallax-no wpr-parallax-no wpr-sticky-section-no e-con e-parent\" data-id=\"7b3ce2f\" data-element_type=\"container\">\n\t\t\t\t\t<div class=\"e-con-inner\">\n\t\t\t\t\t<\/div>\n\t\t\t\t<\/div>\n\t\t<div class=\"elementor-element elementor-element-db075ec e-flex e-con-boxed wpr-particle-no wpr-jarallax-no wpr-parallax-no wpr-sticky-section-no e-con e-parent\" data-id=\"db075ec\" data-element_type=\"container\">\n\t\t\t\t\t<div class=\"e-con-inner\">\n\t\t\t\t<div class=\"elementor-element elementor-element-5143b54 e-transform bdt-ps-blur-effect--yes elementor-widget elementor-widget-prime-slider-dragon\" data-id=\"5143b54\" data-element_type=\"widget\" data-settings=\"{&quot;_transform_skewX_effect&quot;:{&quot;unit&quot;:&quot;px&quot;,&quot;size&quot;:&quot;&quot;,&quot;sizes&quot;:[]},&quot;_transform_skewX_effect_tablet&quot;:{&quot;unit&quot;:&quot;deg&quot;,&quot;size&quot;:&quot;&quot;,&quot;sizes&quot;:[]},&quot;_transform_skewX_effect_mobile&quot;:{&quot;unit&quot;:&quot;deg&quot;,&quot;size&quot;:&quot;&quot;,&quot;sizes&quot;:[]},&quot;_transform_skewY_effect&quot;:{&quot;unit&quot;:&quot;px&quot;,&quot;size&quot;:&quot;&quot;,&quot;sizes&quot;:[]},&quot;_transform_skewY_effect_tablet&quot;:{&quot;unit&quot;:&quot;deg&quot;,&quot;size&quot;:&quot;&quot;,&quot;sizes&quot;:[]},&quot;_transform_skewY_effect_mobile&quot;:{&quot;unit&quot;:&quot;deg&quot;,&quot;size&quot;:&quot;&quot;,&quot;sizes&quot;:[]}}\" data-widget_type=\"prime-slider-dragon.default\">\n\t\t\t\t<div class=\"elementor-widget-container\">\n\t\t\t\t\t\t\t<div class=\"bdt-prime-slider\">\n\t\t\t<div class=\"bdt-prime-slider-dragon\">\n\t\t\t\t<div class=\"bdt-position-relative bdt-visible-toggle\" data-settings=\"{&quot;id&quot;:&quot;#bdt-5143b54&quot;,&quot;animation_status&quot;:&quot;no&quot;}\" id=\"bdt-5143b54\" bdt-slideshow=\"{&quot;animation&quot;:&quot;fade&quot;,&quot;ratio&quot;:&quot;16:9&quot;,&quot;min-height&quot;:600,&quot;autoplay&quot;:true,&quot;autoplay-interval&quot;:5000,&quot;pause-on-hover&quot;:false,&quot;velocity&quot;:0.59999999999999997779553950749686919152736663818359375,&quot;finite&quot;:false}\">\n\t\t\t\t\t<ul class=\"bdt-slideshow-items\">\n\t\t\t\t\t\t\t\t<li class=\"bdt-slideshow-item bdt-flex bdt-flex-middle elementor-repeater-item-d4fec41\">\n\n\t\t\t<div class=\"bdt-ps-dragon-bg\">\n\t\t\t\t\n\t\t\t\t\t\t<div class=\"bdt-ps-slide-img\"\n\t\t\t\t\t\t\tstyle=\"background-image: url('https:\/\/www.milansladekmimefest.eu\/sk\/wp-content\/uploads\/2025\/01\/sladekbanner-1200-px-copy-2.jpg')\"><\/div>\n\n\t\t\t\t\t\t\t\t\t<\/div>\n\n\t\t\t<div class=\"bdt-ps-dragon-slide-image\">\n\t\t\t\t\n\t\t\t\t\t\t<div class=\"bdt-ps-slide-img\"\n\t\t\t\t\t\t\tstyle=\"background-image: url('https:\/\/www.milansladekmimefest.eu\/sk\/wp-content\/uploads\/2025\/01\/sladekbanner-1200-px-copy-2.jpg')\"><\/div>\n\n\t\t\t\t\t\t\t\t\t<\/div>\n\n\t\t\t\t\t\t\n\t\t\t\t\t<div class=\"bdt-prime-slider-wrapper\">\n\t\t\t<div class=\"bdt-prime-slider-content\">\n\n\t\t\t\t\t\t\t\t\t<div class=\"bdt-sub-title\">\n\n\t\t\t\t\t\t<h4 class=\"bdt-sub-title-inner\" data-bdt-slideshow-parallax=\"x: 100,-100; opacity: 1,1,0\" data-reveal=\"reveal-active\">\n                            NOVINKY                        <\/h4>\n\n\t\t\t\t\t<\/div>\n\t\t\t\t\n\t\t\t\t\t\t\t\t\t<div class=\"bdt-main-title\">\n\t\t\t\t\t\t<h1 class=\"bdt-title-tag\" data-bdt-slideshow-parallax=\"x: 200,-200; opacity: 1,1,0\"  data-reveal=\"reveal-active\">\n\t\t\t\t\t\t\t\t\t\t\t\t\t\t\t<span class=\"frist-word\"><\/span> PhDr. Ladislava Peti\u0161kov\u00e1 \t\t\t\t\t\t\t\t\t\t\t\t\t\t<\/h1>\n\t\t\t\t\t<\/div>\n\t\t\t\t\n\t\t\t\t\t\t\t\t\t<div class=\"bdt-slider-excerpt\" data-reveal=\"reveal-active\" data-bdt-slideshow-parallax=\"x: 300,-300; opacity: 1,1,0\">\n\t\t\t\t\t\t<div>Prv\u00fd ro\u010dn\u00edk festivalu bude venovan\u00fd pedagogi\u010dke hist\u00f3rie a te\u00f3rie pohybov\u00e9ho\u00a0<\/div><div>\u00a0 divadla na HAMU a Konzervat\u00f3riu Duncan\u00a0 Centre, publicistka a teoreti\u010dka pohybov\u00e9ho divadla.\u00a0\u00a0<\/div><div>\u00a0<\/div>\t\t\t\t\t<\/div>\n\t\t\t\t\n\t\t\t\t<div data-bdt-slideshow-parallax=\"x: 400,-400; opacity: 1,1,0\">\n\t\t\t\t\t\n\t\t\n\t\t\t<a href=\"https:\/\/www.tanecniaktuality.cz\/osobnosti\/pritel-mim-milan-sladek-silny-muz-ktery-zemrel-vestoje\" target=\"_blank\" class=\"bdt-ps-dragon-button reveal-muted\">\n\n\t\t\t\t\t\t\t\t\n\t\t\t\t<div class=\"bdt-ps-button\">\n\t\t\t\t\t<div class=\"bdt-ps-button-text\">\u010c\u00edtaj viac<\/div>\n\t\t\t\t\t\n\t\t\t\t\t<div class=\"bdt-ps-button-wrapper\">\n\t\t\t\t\t\t<div class=\"bdt-ps-button-arrow\"><\/div>\n\t\t\t\t\t\t<div class=\"bdt-ps-button-border-circle\"><\/div>\n\t\t\t\t\t\t<div class=\"bdt-ps-button-mask-circle\">\n\t\t\t\t\t\t<div class=\"bdt-ps-button-small-circle\"><\/div>\n\t\t\t\t\t\t<\/div>\n\t\t\t\t\t<\/div>\n\t\t\t\t<\/div>\n\n\t\t\t<\/a>\n\t\t\t\t\t\t<\/div>\n\t\t\t\t\t\n\t\t\t<\/div>\n\t\t<\/div>\n        \n\t\t<\/li>\n        \t\t<li class=\"bdt-slideshow-item bdt-flex bdt-flex-middle elementor-repeater-item-16ef563\">\n\n\t\t\t<div class=\"bdt-ps-dragon-bg\">\n\t\t\t\t\n\t\t\t\t\t\t<div class=\"bdt-ps-slide-img\"\n\t\t\t\t\t\t\tstyle=\"background-image: url('https:\/\/www.milansladekmimefest.eu\/sk\/wp-content\/uploads\/2025\/02\/MG_1453a-wpp1738761353879.jpeg')\"><\/div>\n\n\t\t\t\t\t\t\t\t\t<\/div>\n\n\t\t\t<div class=\"bdt-ps-dragon-slide-image\">\n\t\t\t\t\n\t\t\t\t\t\t<div class=\"bdt-ps-slide-img\"\n\t\t\t\t\t\t\tstyle=\"background-image: url('https:\/\/www.milansladekmimefest.eu\/sk\/wp-content\/uploads\/2025\/02\/MG_1453a-wpp1738761353879.jpeg')\"><\/div>\n\n\t\t\t\t\t\t\t\t\t<\/div>\n\n\t\t\t\t\t\t\n\t\t\t\t\t<div class=\"bdt-prime-slider-wrapper\">\n\t\t\t<div class=\"bdt-prime-slider-content\">\n\n\t\t\t\t\t\t\t\t\t<div class=\"bdt-sub-title\">\n\n\t\t\t\t\t\t<h4 class=\"bdt-sub-title-inner\" data-bdt-slideshow-parallax=\"x: 100,-100; opacity: 1,1,0\" data-reveal=\"reveal-active\">\n                            NOVINKY                        <\/h4>\n\n\t\t\t\t\t<\/div>\n\t\t\t\t\n\t\t\t\t\t\t\t\t\t<div class=\"bdt-main-title\">\n\t\t\t\t\t\t<h1 class=\"bdt-title-tag\" data-bdt-slideshow-parallax=\"x: 200,-200; opacity: 1,1,0\"  data-reveal=\"reveal-active\">\n\t\t\t\t\t\t\t\t\t\t\t\t\t\t\t<span class=\"frist-word\">Ticho.<\/span> Tren\u010diansky kraj ovl\u00e1dne eur\u00f3pska pantom\u00edma\t\t\t\t\t\t\t\t\t\t\t\t\t\t<\/h1>\n\t\t\t\t\t<\/div>\n\t\t\t\t\n\t\t\t\t\t\t\t\t\t<div class=\"bdt-slider-excerpt\" data-reveal=\"reveal-active\" data-bdt-slideshow-parallax=\"x: 300,-300; opacity: 1,1,0\">\n\t\t\t\t\t\t<p>Vo verejnom priestore po\u010dujeme len ve\u013emi m\u00e1lo ticha, \u010do sa \u010doskoro zmen\u00ed v\u010faka European Mime<br \/>Fest: Thanks Milan Sl\u00e1dek. Po\u010das \u0161tyroch dn\u00ed naplnen\u00fdch pohybom, em\u00f3ciami a\u00a0hravou neverb\u00e1lnou<br \/>komunik\u00e1ciou sa predstavia dom\u00e1cemu publiku jedine\u010dn\u00e9 s\u00fabory z\u00a0Franc\u00fazska, Ve\u013ekej Brit\u00e1nie,<br \/>Nemecka, susedn\u00e9ho \u010ceska i\u00a0Slovenska.<\/p>\t\t\t\t\t<\/div>\n\t\t\t\t\n\t\t\t\t<div data-bdt-slideshow-parallax=\"x: 400,-400; opacity: 1,1,0\">\n\t\t\t\t\t\n\t\t\n\t\t\t<a href=\"https:\/\/www.milansladekmimefest.eu\/sk\/2025\/02\/24\/silence-european-pantomime-will-take-over-the-trencin-region\/\" class=\"bdt-ps-dragon-button reveal-muted\">\n\n\t\t\t\t\t\t\t\t\n\t\t\t\t<div class=\"bdt-ps-button\">\n\t\t\t\t\t<div class=\"bdt-ps-button-text\">\u010c\u00edtaj viac<\/div>\n\t\t\t\t\t\n\t\t\t\t\t<div class=\"bdt-ps-button-wrapper\">\n\t\t\t\t\t\t<div class=\"bdt-ps-button-arrow\"><\/div>\n\t\t\t\t\t\t<div class=\"bdt-ps-button-border-circle\"><\/div>\n\t\t\t\t\t\t<div class=\"bdt-ps-button-mask-circle\">\n\t\t\t\t\t\t<div class=\"bdt-ps-button-small-circle\"><\/div>\n\t\t\t\t\t\t<\/div>\n\t\t\t\t\t<\/div>\n\t\t\t\t<\/div>\n\n\t\t\t<\/a>\n\t\t\t\t\t\t<\/div>\n\t\t\t\t\t\n\t\t\t<\/div>\n\t\t<\/div>\n        \n\t\t<\/li>\n        \t\t<li class=\"bdt-slideshow-item bdt-flex bdt-flex-middle elementor-repeater-item-389ec0b\">\n\n\t\t\t<div class=\"bdt-ps-dragon-bg\">\n\t\t\t\t\n\t\t\t\t\t\t<div class=\"bdt-ps-slide-img\"\n\t\t\t\t\t\t\tstyle=\"background-image: url('https:\/\/www.milansladekmimefest.eu\/sk\/wp-content\/uploads\/2025\/05\/halas-adam-hamu.jpg')\"><\/div>\n\n\t\t\t\t\t\t\t\t\t<\/div>\n\n\t\t\t<div class=\"bdt-ps-dragon-slide-image\">\n\t\t\t\t\n\t\t\t\t\t\t<div class=\"bdt-ps-slide-img\"\n\t\t\t\t\t\t\tstyle=\"background-image: url('https:\/\/www.milansladekmimefest.eu\/sk\/wp-content\/uploads\/2025\/05\/halas-adam-hamu.jpg')\"><\/div>\n\n\t\t\t\t\t\t\t\t\t<\/div>\n\n\t\t\t\t\t\t\n\t\t\t\t\t<div class=\"bdt-prime-slider-wrapper\">\n\t\t\t<div class=\"bdt-prime-slider-content\">\n\n\t\t\t\t\t\t\t\t\t<div class=\"bdt-sub-title\">\n\n\t\t\t\t\t\t<h4 class=\"bdt-sub-title-inner\" data-bdt-slideshow-parallax=\"x: 100,-100; opacity: 1,1,0\" data-reveal=\"reveal-active\">\n                            NEWS                        <\/h4>\n\n\t\t\t\t\t<\/div>\n\t\t\t\t\n\t\t\t\t\t\t\t\t\t<div class=\"bdt-main-title\">\n\t\t\t\t\t\t<h1 class=\"bdt-title-tag\" data-bdt-slideshow-parallax=\"x: 200,-200; opacity: 1,1,0\"  data-reveal=\"reveal-active\">\n\t\t\t\t\t\t\t\t\t\t\t\t\t\t\t<a href=\"https:\/\/www.aktuality.sk\/clanok\/ENjckOw\/mim-ako-most-medzi-tichom-a-emociou\/#google_vignette\">\n\t\t\t\t\t\t\t\t\t\t\t\t\t\t\t\t<span class=\"frist-word\">M\u00edm<\/span> ako most medzi tichom a em\u00f3ciou\t\t\t\t\t\t\t\t\t\t\t\t\t\t\t\t<\/a>\n\t\t\t\t\t\t\t\t\t\t\t\t\t<\/h1>\n\t\t\t\t\t<\/div>\n\t\t\t\t\n\t\t\t\t\t\t\t\t\t<div class=\"bdt-slider-excerpt\" data-reveal=\"reveal-active\" data-bdt-slideshow-parallax=\"x: 300,-300; opacity: 1,1,0\">\n\t\t\t\t\t\t<p>Rozhovor s Adamom Hala\u0161om, ved\u00facim katedry nonverb\u00e1lneho divadla na HAMU v Prahe a umeleck\u00fdm riadite\u013eom festivalu<\/p>\t\t\t\t\t<\/div>\n\t\t\t\t\n\t\t\t\t<div data-bdt-slideshow-parallax=\"x: 400,-400; opacity: 1,1,0\">\n\t\t\t\t\t\n\t\t\n\t\t\t<a href=\"https:\/\/www.aktuality.sk\/clanok\/ENjckOw\/mim-ako-most-medzi-tichom-a-emociou\/#google_vignette\" target=\"_blank\" class=\"bdt-ps-dragon-button reveal-muted\">\n\n\t\t\t\t\t\t\t\t\n\t\t\t\t<div class=\"bdt-ps-button\">\n\t\t\t\t\t<div class=\"bdt-ps-button-text\">\u010c\u00edtaj viac<\/div>\n\t\t\t\t\t\n\t\t\t\t\t<div class=\"bdt-ps-button-wrapper\">\n\t\t\t\t\t\t<div class=\"bdt-ps-button-arrow\"><\/div>\n\t\t\t\t\t\t<div class=\"bdt-ps-button-border-circle\"><\/div>\n\t\t\t\t\t\t<div class=\"bdt-ps-button-mask-circle\">\n\t\t\t\t\t\t<div class=\"bdt-ps-button-small-circle\"><\/div>\n\t\t\t\t\t\t<\/div>\n\t\t\t\t\t<\/div>\n\t\t\t\t<\/div>\n\n\t\t\t<\/a>\n\t\t\t\t\t\t<\/div>\n\t\t\t\t\t\n\t\t\t<\/div>\n\t\t<\/div>\n        \n\t\t<\/li>\n        \n\t\t\t\t\t<\/ul>\n\n\t\t\t\t\t            \n                <ul class=\"bdt-slideshow-nav bdt-dotnav bdt-dotnav-vertical reveal-muted\">\n\n                                        <li bdt-slideshow-item=\"0\" data-label=\"01\" ><a href=\"#\"><\/a><\/li>\n                                        <li bdt-slideshow-item=\"1\" data-label=\"02\" ><a href=\"#\"><\/a><\/li>\n                                        <li bdt-slideshow-item=\"2\" data-label=\"03\" ><a href=\"#\"><\/a><\/li>\n                                        \n                <\/ul>\n\n            \n        \t\t\t\t\t\n\t\t\t\t<\/div>\n\t\t\t\t\t\t\t<\/div>\n\t\t<\/div>\n        \t\t\t\t<\/div>\n\t\t\t\t<\/div>\n\t\t\t\t\t<\/div>\n\t\t\t\t<\/div>\n\t\t\t\t<section class=\"elementor-section elementor-top-section elementor-element elementor-element-211764590 elementor-section-boxed elementor-section-height-default elementor-section-height-default wpr-particle-no wpr-jarallax-no wpr-parallax-no wpr-sticky-section-no\" data-id=\"211764590\" data-element_type=\"section\">\n\t\t\t\t\t\t<div class=\"elementor-container elementor-column-gap-no\">\n\t\t\t\t\t<div class=\"elementor-column elementor-col-100 elementor-top-column elementor-element elementor-element-7d5f22e9\" data-id=\"7d5f22e9\" data-element_type=\"column\">\n\t\t\t<div class=\"elementor-widget-wrap elementor-element-populated\">\n\t\t\t\t\t\t<div class=\"elementor-element elementor-element-2e1b83a4 wpr-grid-columns-3 wpr-grid-columns--tablet2 wpr-grid-columns--mobile1 wpr-grid-pagination-center wpr-item-styles-inner elementor-invisible elementor-widget elementor-widget-wpr-grid\" data-id=\"2e1b83a4\" data-element_type=\"widget\" data-settings=\"{&quot;_animation&quot;:&quot;fadeIn&quot;}\" data-widget_type=\"wpr-grid.default\">\n\t\t\t\t<div class=\"elementor-widget-container\">\n\t\t\t\t\t<ul class=\"wpr-grid-filters elementor-clearfix wpr-grid-filters-sep-left\"><li class=\" wpr-pointer-none wpr-pointer-line-fx wpr-pointer-fx-none\"><span  data-filter=\"*\" class=\"wpr-grid-filters-item wpr-active-filter \">All Work<\/span><\/li><li class=\" wpr-pointer-none wpr-pointer-line-fx wpr-pointer-fx-none\"><em class=\"wpr-grid-filters-sep\">\/<\/em><span   data-ajax-filter=[\"category\",\"herci\"]  data-filter=\".category-herci\">Herci<\/span><\/li><\/ul><section class=\"wpr-grid elementor-clearfix\" data-settings=\"{&quot;layout&quot;:&quot;fitRows&quot;,&quot;stick_last_element_to_bottom&quot;:&quot;&quot;,&quot;columns_desktop&quot;:&quot;3&quot;,&quot;gutter_hr&quot;:15,&quot;gutter_hr_mobile&quot;:15,&quot;gutter_hr_mobile_extra&quot;:15,&quot;gutter_hr_tablet&quot;:15,&quot;gutter_hr_tablet_extra&quot;:15,&quot;gutter_hr_laptop&quot;:15,&quot;gutter_hr_widescreen&quot;:15,&quot;gutter_vr&quot;:15,&quot;gutter_vr_mobile&quot;:15,&quot;gutter_vr_mobile_extra&quot;:15,&quot;gutter_vr_tablet&quot;:15,&quot;gutter_vr_tablet_extra&quot;:15,&quot;gutter_vr_laptop&quot;:15,&quot;gutter_vr_widescreen&quot;:15,&quot;animation&quot;:&quot;default&quot;,&quot;animation_duration&quot;:0.299999999999999988897769753748434595763683319091796875,&quot;animation_delay&quot;:0.1000000000000000055511151231257827021181583404541015625,&quot;deeplinking&quot;:&quot;&quot;,&quot;filters_linkable&quot;:&quot;no&quot;,&quot;filters_default_filter&quot;:&quot;&quot;,&quot;filters_count&quot;:&quot;&quot;,&quot;filters_hide_empty&quot;:&quot;yes&quot;,&quot;filters_animation&quot;:&quot;default&quot;,&quot;filters_animation_duration&quot;:0.299999999999999988897769753748434595763683319091796875,&quot;filters_animation_delay&quot;:0.1000000000000000055511151231257827021181583404541015625,&quot;pagination_type&quot;:&quot;load-more&quot;,&quot;pagination_max_pages&quot;:2,&quot;lightbox&quot;:{&quot;selector&quot;:&quot;.wpr-grid-image-wrap&quot;,&quot;iframeMaxWidth&quot;:&quot;60%&quot;,&quot;hash&quot;:false,&quot;autoplay&quot;:&quot;true&quot;,&quot;pause&quot;:5000,&quot;progressBar&quot;:&quot;true&quot;,&quot;counter&quot;:&quot;true&quot;,&quot;controls&quot;:&quot;true&quot;,&quot;getCaptionFromTitleOrAlt&quot;:&quot;true&quot;,&quot;thumbnail&quot;:&quot;&quot;,&quot;showThumbByDefault&quot;:&quot;&quot;,&quot;share&quot;:&quot;&quot;,&quot;zoom&quot;:&quot;true&quot;,&quot;fullScreen&quot;:&quot;true&quot;,&quot;download&quot;:&quot;true&quot;}}\"><article class=\"wpr-grid-item elementor-clearfix post-857 post type-post status-publish format-standard has-post-thumbnail hentry category-herci category-predstavenia\"><div class=\"wpr-grid-item-inner\"><div class=\"wpr-grid-media-wrap wpr-effect-size-medium \" data-overlay-link=\"yes\"><div class=\"wpr-grid-image-wrap\" data-src=\"https:\/\/www.milansladekmimefest.eu\/sk\/wp-content\/uploads\/elementor\/thumbs\/EMF2025_Milan_Sladek_Seris_1-1-scaled-r2uufes8brcpl06meneb0q3z2fzkwy4uixkmn2mc0c.jpg\" data-img-on-hover=\"\"  data-src-secondary=\"\"><img decoding=\"async\" data-no-lazy=\"1\" src=\"https:\/\/www.milansladekmimefest.eu\/sk\/wp-content\/uploads\/elementor\/thumbs\/EMF2025_Milan_Sladek_Seris_1-1-scaled-r2uufes8brcpl06meneb0q3z2fzkwy4uixkmn2mc0c.jpg\" alt=\"Pavol Seri\u0161 (SK)\" class=\"wpr-anim-timing-ease-default\"><\/div><div class=\"wpr-grid-media-hover wpr-animation-wrap\"><div class=\"wpr-grid-media-hover-bg  wpr-overlay-fade-in wpr-anim-size-large wpr-anim-timing-ease-default wpr-anim-transparency\" data-url=\"https:\/\/www.milansladekmimefest.eu\/sk\/2025\/03\/14\/pavol-seris-sk\/\"><\/div><div class=\"wpr-cv-container\"><div class=\"wpr-cv-outer\"><div class=\"wpr-cv-inner\"><div class=\"wpr-grid-media-hover-middle elementor-clearfix\"><h2 class=\"wpr-grid-item-title elementor-repeater-item-83c0ab6 wpr-grid-item-display-block wpr-grid-item-align-center wpr-element-fade-in wpr-anim-size-large wpr-anim-timing-ease-default wpr-anim-transparency wpr-pointer-none wpr-pointer-line-fx wpr-pointer-fx-fade\"><div class=\"inner-block\"><a target=\"_self\"  href=\"https:\/\/www.milansladekmimefest.eu\/sk\/2025\/03\/14\/pavol-seris-sk\/\">Pavol Seri\u0161 (SK)<\/a><\/div><\/h2><div class=\"wpr-grid-item-category elementor-repeater-item-deefd3e wpr-grid-item-display-block wpr-grid-item-align-center wpr-element-fade-in wpr-anim-size-large wpr-anim-timing-ease-default wpr-anim-transparency wpr-pointer-none wpr-pointer-line-fx wpr-pointer-fx-fade wpr-grid-tax-style-1\"><div class=\"inner-block\"><a class=\" wpr-tax-id-9\" href=\"https:\/\/www.milansladekmimefest.eu\/sk\/category\/herci\/\">Herci<span class=\"tax-sep\">, <\/span><\/a><a class=\" wpr-tax-id-10\" href=\"https:\/\/www.milansladekmimefest.eu\/sk\/category\/predstavenia\/\">Predstavenia<\/a><\/div><\/div><\/div><\/div><\/div><\/div><\/div><\/div><\/div><\/article><article class=\"wpr-grid-item elementor-clearfix post-852 post type-post status-publish format-standard has-post-thumbnail hentry category-herci category-predstavenia\"><div class=\"wpr-grid-item-inner\"><div class=\"wpr-grid-media-wrap wpr-effect-size-medium \" data-overlay-link=\"yes\"><div class=\"wpr-grid-image-wrap\" data-src=\"https:\/\/www.milansladekmimefest.eu\/sk\/wp-content\/uploads\/elementor\/thumbs\/EMF2025_Milan_Sldek_Vizvary_1-r2ut489va4rktmpswr7gd4q1n6jbjvtvpeq8g2kqbw.jpg\" data-img-on-hover=\"\"  data-src-secondary=\"\"><img decoding=\"async\" data-no-lazy=\"1\" src=\"https:\/\/www.milansladekmimefest.eu\/sk\/wp-content\/uploads\/elementor\/thumbs\/EMF2025_Milan_Sldek_Vizvary_1-r2ut489va4rktmpswr7gd4q1n6jbjvtvpeq8g2kqbw.jpg\" alt=\"Radim Vizv\u00e1ry (CZ)\" class=\"wpr-anim-timing-ease-default\"><\/div><div class=\"wpr-grid-media-hover wpr-animation-wrap\"><div class=\"wpr-grid-media-hover-bg  wpr-overlay-fade-in wpr-anim-size-large wpr-anim-timing-ease-default wpr-anim-transparency\" data-url=\"https:\/\/www.milansladekmimefest.eu\/sk\/2025\/03\/14\/radim-vizvary-cz\/\"><\/div><div class=\"wpr-cv-container\"><div class=\"wpr-cv-outer\"><div class=\"wpr-cv-inner\"><div class=\"wpr-grid-media-hover-middle elementor-clearfix\"><h2 class=\"wpr-grid-item-title elementor-repeater-item-83c0ab6 wpr-grid-item-display-block wpr-grid-item-align-center wpr-element-fade-in wpr-anim-size-large wpr-anim-timing-ease-default wpr-anim-transparency wpr-pointer-none wpr-pointer-line-fx wpr-pointer-fx-fade\"><div class=\"inner-block\"><a target=\"_self\"  href=\"https:\/\/www.milansladekmimefest.eu\/sk\/2025\/03\/14\/radim-vizvary-cz\/\">Radim Vizv\u00e1ry (CZ)<\/a><\/div><\/h2><div class=\"wpr-grid-item-category elementor-repeater-item-deefd3e wpr-grid-item-display-block wpr-grid-item-align-center wpr-element-fade-in wpr-anim-size-large wpr-anim-timing-ease-default wpr-anim-transparency wpr-pointer-none wpr-pointer-line-fx wpr-pointer-fx-fade wpr-grid-tax-style-1\"><div class=\"inner-block\"><a class=\" wpr-tax-id-9\" href=\"https:\/\/www.milansladekmimefest.eu\/sk\/category\/herci\/\">Herci<span class=\"tax-sep\">, <\/span><\/a><a class=\" wpr-tax-id-10\" href=\"https:\/\/www.milansladekmimefest.eu\/sk\/category\/predstavenia\/\">Predstavenia<\/a><\/div><\/div><\/div><\/div><\/div><\/div><\/div><\/div><\/div><\/article><article class=\"wpr-grid-item elementor-clearfix post-848 post type-post status-publish format-standard has-post-thumbnail hentry category-herci category-predstavenia\"><div class=\"wpr-grid-item-inner\"><div class=\"wpr-grid-media-wrap wpr-effect-size-medium \" data-overlay-link=\"yes\"><div class=\"wpr-grid-image-wrap\" data-src=\"https:\/\/www.milansladekmimefest.eu\/sk\/wp-content\/uploads\/elementor\/thumbs\/DSC04439-scaled-r2urblvbf6awmql19bltfxs7ej1vd0a7tk3ho8e43w.jpg\" data-img-on-hover=\"\"  data-src-secondary=\"\"><img decoding=\"async\" data-no-lazy=\"1\" src=\"https:\/\/www.milansladekmimefest.eu\/sk\/wp-content\/uploads\/elementor\/thumbs\/DSC04439-scaled-r2urblvbf6awmql19bltfxs7ej1vd0a7tk3ho8e43w.jpg\" alt=\"Sena Didi Mime (IDN)\" class=\"wpr-anim-timing-ease-default\"><\/div><div class=\"wpr-grid-media-hover wpr-animation-wrap\"><div class=\"wpr-grid-media-hover-bg  wpr-overlay-fade-in wpr-anim-size-large wpr-anim-timing-ease-default wpr-anim-transparency\" data-url=\"https:\/\/www.milansladekmimefest.eu\/sk\/2025\/03\/14\/sena-didi-mime-idn\/\"><\/div><div class=\"wpr-cv-container\"><div class=\"wpr-cv-outer\"><div class=\"wpr-cv-inner\"><div class=\"wpr-grid-media-hover-middle elementor-clearfix\"><h2 class=\"wpr-grid-item-title elementor-repeater-item-83c0ab6 wpr-grid-item-display-block wpr-grid-item-align-center wpr-element-fade-in wpr-anim-size-large wpr-anim-timing-ease-default wpr-anim-transparency wpr-pointer-none wpr-pointer-line-fx wpr-pointer-fx-fade\"><div class=\"inner-block\"><a target=\"_self\"  href=\"https:\/\/www.milansladekmimefest.eu\/sk\/2025\/03\/14\/sena-didi-mime-idn\/\">Sena Didi Mime (IDN)<\/a><\/div><\/h2><div class=\"wpr-grid-item-category elementor-repeater-item-deefd3e wpr-grid-item-display-block wpr-grid-item-align-center wpr-element-fade-in wpr-anim-size-large wpr-anim-timing-ease-default wpr-anim-transparency wpr-pointer-none wpr-pointer-line-fx wpr-pointer-fx-fade wpr-grid-tax-style-1\"><div class=\"inner-block\"><a class=\" wpr-tax-id-9\" href=\"https:\/\/www.milansladekmimefest.eu\/sk\/category\/herci\/\">Herci<span class=\"tax-sep\">, <\/span><\/a><a class=\" wpr-tax-id-10\" href=\"https:\/\/www.milansladekmimefest.eu\/sk\/category\/predstavenia\/\">Predstavenia<\/a><\/div><\/div><\/div><\/div><\/div><\/div><\/div><\/div><\/div><\/article><article class=\"wpr-grid-item elementor-clearfix post-613 post type-post status-publish format-standard has-post-thumbnail hentry category-herci category-predstavenia tag-cirkus tag-program\"><div class=\"wpr-grid-item-inner\"><div class=\"wpr-grid-media-wrap wpr-effect-size-medium \" data-overlay-link=\"yes\"><div class=\"wpr-grid-image-wrap\" data-src=\"https:\/\/www.milansladekmimefest.eu\/sk\/wp-content\/uploads\/elementor\/thumbs\/EMF_Milan_Sladek_Circus_Caravana2-r1uabje5y9vorg3akxtq5dcqrnch48bs2c7ytj88jw.jpg\" data-img-on-hover=\"\"  data-src-secondary=\"\"><img decoding=\"async\" data-no-lazy=\"1\" src=\"https:\/\/www.milansladekmimefest.eu\/sk\/wp-content\/uploads\/elementor\/thumbs\/EMF_Milan_Sladek_Circus_Caravana2-r1uabje5y9vorg3akxtq5dcqrnch48bs2c7ytj88jw.jpg\" alt=\"Circus Caravana (V4, UA)\" class=\"wpr-anim-timing-ease-default\"><\/div><div class=\"wpr-grid-media-hover wpr-animation-wrap\"><div class=\"wpr-grid-media-hover-bg  wpr-overlay-fade-in wpr-anim-size-large wpr-anim-timing-ease-default wpr-anim-transparency\" data-url=\"https:\/\/www.milansladekmimefest.eu\/sk\/2025\/02\/21\/circus-caravana-v4-ua\/\"><\/div><div class=\"wpr-cv-container\"><div class=\"wpr-cv-outer\"><div class=\"wpr-cv-inner\"><div class=\"wpr-grid-media-hover-middle elementor-clearfix\"><h2 class=\"wpr-grid-item-title elementor-repeater-item-83c0ab6 wpr-grid-item-display-block wpr-grid-item-align-center wpr-element-fade-in wpr-anim-size-large wpr-anim-timing-ease-default wpr-anim-transparency wpr-pointer-none wpr-pointer-line-fx wpr-pointer-fx-fade\"><div class=\"inner-block\"><a target=\"_self\"  href=\"https:\/\/www.milansladekmimefest.eu\/sk\/2025\/02\/21\/circus-caravana-v4-ua\/\">Circus Caravana (V4, UA)<\/a><\/div><\/h2><div class=\"wpr-grid-item-category elementor-repeater-item-deefd3e wpr-grid-item-display-block wpr-grid-item-align-center wpr-element-fade-in wpr-anim-size-large wpr-anim-timing-ease-default wpr-anim-transparency wpr-pointer-none wpr-pointer-line-fx wpr-pointer-fx-fade wpr-grid-tax-style-1\"><div class=\"inner-block\"><a class=\" wpr-tax-id-9\" href=\"https:\/\/www.milansladekmimefest.eu\/sk\/category\/herci\/\">Herci<span class=\"tax-sep\">, <\/span><\/a><a class=\" wpr-tax-id-10\" href=\"https:\/\/www.milansladekmimefest.eu\/sk\/category\/predstavenia\/\">Predstavenia<\/a><\/div><\/div><\/div><\/div><\/div><\/div><\/div><\/div><\/div><\/article><article class=\"wpr-grid-item elementor-clearfix post-320 post type-post status-publish format-standard has-post-thumbnail hentry category-herci category-vystavy\"><div class=\"wpr-grid-item-inner\"><div class=\"wpr-grid-media-wrap wpr-effect-size-medium \" data-overlay-link=\"yes\"><div class=\"wpr-grid-image-wrap\" data-src=\"https:\/\/www.milansladekmimefest.eu\/sk\/wp-content\/uploads\/elementor\/thumbs\/csm_zive-sochy-banner_899f8b7cb9-r0kt3cdm3j732g0gx7s2i822fi2c2mu7jgkrmwfyh8.jpg\" data-img-on-hover=\"\"  data-src-secondary=\"\"><img decoding=\"async\" data-no-lazy=\"1\" src=\"https:\/\/www.milansladekmimefest.eu\/sk\/wp-content\/uploads\/elementor\/thumbs\/csm_zive-sochy-banner_899f8b7cb9-r0kt3cdm3j732g0gx7s2i822fi2c2mu7jgkrmwfyh8.jpg\" alt=\"\u017div\u00e9 sochy (SK)\" class=\"wpr-anim-timing-ease-default\"><\/div><div class=\"wpr-grid-media-hover wpr-animation-wrap\"><div class=\"wpr-grid-media-hover-bg  wpr-overlay-fade-in wpr-anim-size-large wpr-anim-timing-ease-default wpr-anim-transparency\" data-url=\"https:\/\/www.milansladekmimefest.eu\/sk\/2025\/01\/26\/living-sculptures-sk\/\"><\/div><div class=\"wpr-cv-container\"><div class=\"wpr-cv-outer\"><div class=\"wpr-cv-inner\"><div class=\"wpr-grid-media-hover-middle elementor-clearfix\"><h2 class=\"wpr-grid-item-title elementor-repeater-item-83c0ab6 wpr-grid-item-display-block wpr-grid-item-align-center wpr-element-fade-in wpr-anim-size-large wpr-anim-timing-ease-default wpr-anim-transparency wpr-pointer-none wpr-pointer-line-fx wpr-pointer-fx-fade\"><div class=\"inner-block\"><a target=\"_self\"  href=\"https:\/\/www.milansladekmimefest.eu\/sk\/2025\/01\/26\/living-sculptures-sk\/\">\u017div\u00e9 sochy (SK)<\/a><\/div><\/h2><div class=\"wpr-grid-item-category elementor-repeater-item-deefd3e wpr-grid-item-display-block wpr-grid-item-align-center wpr-element-fade-in wpr-anim-size-large wpr-anim-timing-ease-default wpr-anim-transparency wpr-pointer-none wpr-pointer-line-fx wpr-pointer-fx-fade wpr-grid-tax-style-1\"><div class=\"inner-block\"><a class=\" wpr-tax-id-9\" href=\"https:\/\/www.milansladekmimefest.eu\/sk\/category\/herci\/\">Herci<span class=\"tax-sep\">, <\/span><\/a><a class=\" wpr-tax-id-11\" href=\"https:\/\/www.milansladekmimefest.eu\/sk\/category\/vystavy\/\">V\u00fdstavy<\/a><\/div><\/div><\/div><\/div><\/div><\/div><\/div><\/div><\/div><\/article><article class=\"wpr-grid-item elementor-clearfix post-317 post type-post status-publish format-standard has-post-thumbnail hentry category-herci category-predstavenia\"><div class=\"wpr-grid-item-inner\"><div class=\"wpr-grid-media-wrap wpr-effect-size-medium \" data-overlay-link=\"yes\"><div class=\"wpr-grid-image-wrap\" data-src=\"https:\/\/www.milansladekmimefest.eu\/sk\/wp-content\/uploads\/elementor\/thumbs\/Kulisek_web_portfolio-r0kt3bfrwp5squ1u2pdfxqalu46yuxqh7bxa5mhcng.jpg\" data-img-on-hover=\"\"  data-src-secondary=\"\"><img decoding=\"async\" data-no-lazy=\"1\" src=\"https:\/\/www.milansladekmimefest.eu\/sk\/wp-content\/uploads\/elementor\/thumbs\/Kulisek_web_portfolio-r0kt3bfrwp5squ1u2pdfxqalu46yuxqh7bxa5mhcng.jpg\" alt=\"Vlado Kul\u00ed\u0161ek (SK)\" class=\"wpr-anim-timing-ease-default\"><\/div><div class=\"wpr-grid-media-hover wpr-animation-wrap\"><div class=\"wpr-grid-media-hover-bg  wpr-overlay-fade-in wpr-anim-size-large wpr-anim-timing-ease-default wpr-anim-transparency\" data-url=\"https:\/\/www.milansladekmimefest.eu\/sk\/2025\/01\/26\/vlado-kulisek-sk\/\"><\/div><div class=\"wpr-cv-container\"><div class=\"wpr-cv-outer\"><div class=\"wpr-cv-inner\"><div class=\"wpr-grid-media-hover-middle elementor-clearfix\"><h2 class=\"wpr-grid-item-title elementor-repeater-item-83c0ab6 wpr-grid-item-display-block wpr-grid-item-align-center wpr-element-fade-in wpr-anim-size-large wpr-anim-timing-ease-default wpr-anim-transparency wpr-pointer-none wpr-pointer-line-fx wpr-pointer-fx-fade\"><div class=\"inner-block\"><a target=\"_self\"  href=\"https:\/\/www.milansladekmimefest.eu\/sk\/2025\/01\/26\/vlado-kulisek-sk\/\">Vlado Kul\u00ed\u0161ek (SK)<\/a><\/div><\/h2><div class=\"wpr-grid-item-category elementor-repeater-item-deefd3e wpr-grid-item-display-block wpr-grid-item-align-center wpr-element-fade-in wpr-anim-size-large wpr-anim-timing-ease-default wpr-anim-transparency wpr-pointer-none wpr-pointer-line-fx wpr-pointer-fx-fade wpr-grid-tax-style-1\"><div class=\"inner-block\"><a class=\" wpr-tax-id-9\" href=\"https:\/\/www.milansladekmimefest.eu\/sk\/category\/herci\/\">Herci<span class=\"tax-sep\">, <\/span><\/a><a class=\" wpr-tax-id-10\" href=\"https:\/\/www.milansladekmimefest.eu\/sk\/category\/predstavenia\/\">Predstavenia<\/a><\/div><\/div><\/div><\/div><\/div><\/div><\/div><\/div><\/div><\/article><article class=\"wpr-grid-item elementor-clearfix post-313 post type-post status-publish format-standard has-post-thumbnail hentry category-herci category-workshops\"><div class=\"wpr-grid-item-inner\"><div class=\"wpr-grid-media-wrap wpr-effect-size-medium \" data-overlay-link=\"yes\"><div class=\"wpr-grid-image-wrap\" data-src=\"https:\/\/www.milansladekmimefest.eu\/sk\/wp-content\/uploads\/elementor\/thumbs\/Nola-Rae1290-1024x819-1-r0kt3ahxpv4if83786ytd8j58qbln8mqv79sociqto.jpg\" data-img-on-hover=\"\"  data-src-secondary=\"\"><img decoding=\"async\" data-no-lazy=\"1\" src=\"https:\/\/www.milansladekmimefest.eu\/sk\/wp-content\/uploads\/elementor\/thumbs\/Nola-Rae1290-1024x819-1-r0kt3ahxpv4if83786ytd8j58qbln8mqv79sociqto.jpg\" alt=\"Nola Rae (GB)\" class=\"wpr-anim-timing-ease-default\"><\/div><div class=\"wpr-grid-media-hover wpr-animation-wrap\"><div class=\"wpr-grid-media-hover-bg  wpr-overlay-fade-in wpr-anim-size-large wpr-anim-timing-ease-default wpr-anim-transparency\" data-url=\"https:\/\/www.milansladekmimefest.eu\/sk\/2025\/01\/26\/nola-rae-gb\/\"><\/div><div class=\"wpr-cv-container\"><div class=\"wpr-cv-outer\"><div class=\"wpr-cv-inner\"><div class=\"wpr-grid-media-hover-middle elementor-clearfix\"><h2 class=\"wpr-grid-item-title elementor-repeater-item-83c0ab6 wpr-grid-item-display-block wpr-grid-item-align-center wpr-element-fade-in wpr-anim-size-large wpr-anim-timing-ease-default wpr-anim-transparency wpr-pointer-none wpr-pointer-line-fx wpr-pointer-fx-fade\"><div class=\"inner-block\"><a target=\"_self\"  href=\"https:\/\/www.milansladekmimefest.eu\/sk\/2025\/01\/26\/nola-rae-gb\/\">Nola Rae (GB)<\/a><\/div><\/h2><div class=\"wpr-grid-item-category elementor-repeater-item-deefd3e wpr-grid-item-display-block wpr-grid-item-align-center wpr-element-fade-in wpr-anim-size-large wpr-anim-timing-ease-default wpr-anim-transparency wpr-pointer-none wpr-pointer-line-fx wpr-pointer-fx-fade wpr-grid-tax-style-1\"><div class=\"inner-block\"><a class=\" wpr-tax-id-9\" href=\"https:\/\/www.milansladekmimefest.eu\/sk\/category\/herci\/\">Herci<span class=\"tax-sep\">, <\/span><\/a><a class=\" wpr-tax-id-14\" href=\"https:\/\/www.milansladekmimefest.eu\/sk\/category\/workshops\/\">Workshops<\/a><\/div><\/div><\/div><\/div><\/div><\/div><\/div><\/div><\/div><\/article><article class=\"wpr-grid-item elementor-clearfix post-311 post type-post status-publish format-standard has-post-thumbnail hentry category-herci category-predstavenia\"><div class=\"wpr-grid-item-inner\"><div class=\"wpr-grid-media-wrap wpr-effect-size-medium \" data-overlay-link=\"yes\"><div class=\"wpr-grid-image-wrap\" data-src=\"https:\/\/www.milansladekmimefest.eu\/sk\/wp-content\/uploads\/elementor\/thumbs\/hamu-r0kt50ja8xhfphl35xs6xsvkg5ttr9h13qbuclyrf0.jpg\" data-img-on-hover=\"\"  data-src-secondary=\"\"><img decoding=\"async\" data-no-lazy=\"1\" src=\"https:\/\/www.milansladekmimefest.eu\/sk\/wp-content\/uploads\/elementor\/thumbs\/hamu-r0kt50ja8xhfphl35xs6xsvkg5ttr9h13qbuclyrf0.jpg\" alt=\"Hamu (CZ)\" class=\"wpr-anim-timing-ease-default\"><\/div><div class=\"wpr-grid-media-hover wpr-animation-wrap\"><div class=\"wpr-grid-media-hover-bg  wpr-overlay-fade-in wpr-anim-size-large wpr-anim-timing-ease-default wpr-anim-transparency\" data-url=\"https:\/\/www.milansladekmimefest.eu\/sk\/2025\/01\/26\/hamu-cz\/\"><\/div><div class=\"wpr-cv-container\"><div class=\"wpr-cv-outer\"><div class=\"wpr-cv-inner\"><div class=\"wpr-grid-media-hover-middle elementor-clearfix\"><h2 class=\"wpr-grid-item-title elementor-repeater-item-83c0ab6 wpr-grid-item-display-block wpr-grid-item-align-center wpr-element-fade-in wpr-anim-size-large wpr-anim-timing-ease-default wpr-anim-transparency wpr-pointer-none wpr-pointer-line-fx wpr-pointer-fx-fade\"><div class=\"inner-block\"><a target=\"_self\"  href=\"https:\/\/www.milansladekmimefest.eu\/sk\/2025\/01\/26\/hamu-cz\/\">Hamu (CZ)<\/a><\/div><\/h2><div class=\"wpr-grid-item-category elementor-repeater-item-deefd3e wpr-grid-item-display-block wpr-grid-item-align-center wpr-element-fade-in wpr-anim-size-large wpr-anim-timing-ease-default wpr-anim-transparency wpr-pointer-none wpr-pointer-line-fx wpr-pointer-fx-fade wpr-grid-tax-style-1\"><div class=\"inner-block\"><a class=\" wpr-tax-id-9\" href=\"https:\/\/www.milansladekmimefest.eu\/sk\/category\/herci\/\">Herci<span class=\"tax-sep\">, <\/span><\/a><a class=\" wpr-tax-id-10\" href=\"https:\/\/www.milansladekmimefest.eu\/sk\/category\/predstavenia\/\">Predstavenia<\/a><\/div><\/div><\/div><\/div><\/div><\/div><\/div><\/div><\/div><\/article><article class=\"wpr-grid-item elementor-clearfix post-309 post type-post status-publish format-standard has-post-thumbnail hentry category-herci category-predstavenia category-vystavy\"><div class=\"wpr-grid-item-inner\"><div class=\"wpr-grid-media-wrap wpr-effect-size-medium \" data-overlay-link=\"yes\"><div class=\"wpr-grid-image-wrap\" data-src=\"https:\/\/www.milansladekmimefest.eu\/sk\/wp-content\/uploads\/elementor\/thumbs\/ciercus-theatre-r0kt4wrxhlcaf1qjrw5onttq2mccwh23r7pwfi4c3w.jpg\" data-img-on-hover=\"\"  data-src-secondary=\"\"><img decoding=\"async\" data-no-lazy=\"1\" src=\"https:\/\/www.milansladekmimefest.eu\/sk\/wp-content\/uploads\/elementor\/thumbs\/ciercus-theatre-r0kt4wrxhlcaf1qjrw5onttq2mccwh23r7pwfi4c3w.jpg\" alt=\"Circus Theater Vladimir (NL)\" class=\"wpr-anim-timing-ease-default\"><\/div><div class=\"wpr-grid-media-hover wpr-animation-wrap\"><div class=\"wpr-grid-media-hover-bg  wpr-overlay-fade-in wpr-anim-size-large wpr-anim-timing-ease-default wpr-anim-transparency\" data-url=\"https:\/\/www.milansladekmimefest.eu\/sk\/2025\/01\/26\/circus-theater-vladimir-nl\/\"><\/div><div class=\"wpr-cv-container\"><div class=\"wpr-cv-outer\"><div class=\"wpr-cv-inner\"><div class=\"wpr-grid-media-hover-middle elementor-clearfix\"><h2 class=\"wpr-grid-item-title elementor-repeater-item-83c0ab6 wpr-grid-item-display-block wpr-grid-item-align-center wpr-element-fade-in wpr-anim-size-large wpr-anim-timing-ease-default wpr-anim-transparency wpr-pointer-none wpr-pointer-line-fx wpr-pointer-fx-fade\"><div class=\"inner-block\"><a target=\"_self\"  href=\"https:\/\/www.milansladekmimefest.eu\/sk\/2025\/01\/26\/circus-theater-vladimir-nl\/\">Circus Theater Vladimir (NL)<\/a><\/div><\/h2><div class=\"wpr-grid-item-category elementor-repeater-item-deefd3e wpr-grid-item-display-block wpr-grid-item-align-center wpr-element-fade-in wpr-anim-size-large wpr-anim-timing-ease-default wpr-anim-transparency wpr-pointer-none wpr-pointer-line-fx wpr-pointer-fx-fade wpr-grid-tax-style-1\"><div class=\"inner-block\"><a class=\" wpr-tax-id-9\" href=\"https:\/\/www.milansladekmimefest.eu\/sk\/category\/herci\/\">Herci<span class=\"tax-sep\">, <\/span><\/a><a class=\" wpr-tax-id-10\" href=\"https:\/\/www.milansladekmimefest.eu\/sk\/category\/predstavenia\/\">Predstavenia<span class=\"tax-sep\">, <\/span><\/a><a class=\" wpr-tax-id-11\" href=\"https:\/\/www.milansladekmimefest.eu\/sk\/category\/vystavy\/\">V\u00fdstavy<\/a><\/div><\/div><\/div><\/div><\/div><\/div><\/div><\/div><\/div><\/article><article class=\"wpr-grid-item elementor-clearfix post-306 post type-post status-publish format-standard has-post-thumbnail hentry category-herci category-predstavenia\"><div class=\"wpr-grid-item-inner\"><div class=\"wpr-grid-media-wrap wpr-effect-size-medium \" data-overlay-link=\"yes\"><div class=\"wpr-grid-image-wrap\" data-src=\"https:\/\/www.milansladekmimefest.eu\/sk\/wp-content\/uploads\/elementor\/thumbs\/EMF2025_Milan_Sladek_FamilyFloz_1-scaled-r2uutspaxh1pa5abed9qoleydr2tq68y65162jaerw.jpg\" data-img-on-hover=\"\"  data-src-secondary=\"\"><img decoding=\"async\" data-no-lazy=\"1\" src=\"https:\/\/www.milansladekmimefest.eu\/sk\/wp-content\/uploads\/elementor\/thumbs\/EMF2025_Milan_Sladek_FamilyFloz_1-scaled-r2uutspaxh1pa5abed9qoleydr2tq68y65162jaerw.jpg\" alt=\"Foto: Eckard Jonalik\n\nFamilie Fl\u00f6z - Teatro Delusio\nwww.floez.net\" class=\"wpr-anim-timing-ease-default\"><\/div><div class=\"wpr-grid-media-hover wpr-animation-wrap\"><div class=\"wpr-grid-media-hover-bg  wpr-overlay-fade-in wpr-anim-size-large wpr-anim-timing-ease-default wpr-anim-transparency\" data-url=\"https:\/\/www.milansladekmimefest.eu\/sk\/2025\/01\/26\/familie-floz-d\/\"><\/div><div class=\"wpr-cv-container\"><div class=\"wpr-cv-outer\"><div class=\"wpr-cv-inner\"><div class=\"wpr-grid-media-hover-middle elementor-clearfix\"><h2 class=\"wpr-grid-item-title elementor-repeater-item-83c0ab6 wpr-grid-item-display-block wpr-grid-item-align-center wpr-element-fade-in wpr-anim-size-large wpr-anim-timing-ease-default wpr-anim-transparency wpr-pointer-none wpr-pointer-line-fx wpr-pointer-fx-fade\"><div class=\"inner-block\"><a target=\"_self\"  href=\"https:\/\/www.milansladekmimefest.eu\/sk\/2025\/01\/26\/familie-floz-d\/\">Familie Fl\u00f6z (D)<\/a><\/div><\/h2><div class=\"wpr-grid-item-category elementor-repeater-item-deefd3e wpr-grid-item-display-block wpr-grid-item-align-center wpr-element-fade-in wpr-anim-size-large wpr-anim-timing-ease-default wpr-anim-transparency wpr-pointer-none wpr-pointer-line-fx wpr-pointer-fx-fade wpr-grid-tax-style-1\"><div class=\"inner-block\"><a class=\" wpr-tax-id-9\" href=\"https:\/\/www.milansladekmimefest.eu\/sk\/category\/herci\/\">Herci<span class=\"tax-sep\">, <\/span><\/a><a class=\" wpr-tax-id-10\" href=\"https:\/\/www.milansladekmimefest.eu\/sk\/category\/predstavenia\/\">Predstavenia<\/a><\/div><\/div><\/div><\/div><\/div><\/div><\/div><\/div><\/div><\/article><article class=\"wpr-grid-item elementor-clearfix post-302 post type-post status-publish format-standard has-post-thumbnail hentry category-herci category-predstavenia\"><div class=\"wpr-grid-item-inner\"><div class=\"wpr-grid-media-wrap wpr-effect-size-medium \" data-overlay-link=\"yes\"><div class=\"wpr-grid-image-wrap\" data-src=\"https:\/\/www.milansladekmimefest.eu\/sk\/wp-content\/uploads\/elementor\/thumbs\/compagnieMangano-scaled-r0kt4t0kq9754lw0duj6durvp2uw1on6ep3yie9wss.jpg\" data-img-on-hover=\"\"  data-src-secondary=\"\"><img decoding=\"async\" data-no-lazy=\"1\" src=\"https:\/\/www.milansladekmimefest.eu\/sk\/wp-content\/uploads\/elementor\/thumbs\/compagnieMangano-scaled-r0kt4t0kq9754lw0duj6durvp2uw1on6ep3yie9wss.jpg\" alt=\"Compagnie Mangano-Massip (FR)\" class=\"wpr-anim-timing-ease-default\"><\/div><div class=\"wpr-grid-media-hover wpr-animation-wrap\"><div class=\"wpr-grid-media-hover-bg  wpr-overlay-fade-in wpr-anim-size-large wpr-anim-timing-ease-default wpr-anim-transparency\" data-url=\"https:\/\/www.milansladekmimefest.eu\/sk\/2025\/01\/26\/compagnie-mangano-massip-fr\/\"><\/div><div class=\"wpr-cv-container\"><div class=\"wpr-cv-outer\"><div class=\"wpr-cv-inner\"><div class=\"wpr-grid-media-hover-middle elementor-clearfix\"><h2 class=\"wpr-grid-item-title elementor-repeater-item-83c0ab6 wpr-grid-item-display-block wpr-grid-item-align-center wpr-element-fade-in wpr-anim-size-large wpr-anim-timing-ease-default wpr-anim-transparency wpr-pointer-none wpr-pointer-line-fx wpr-pointer-fx-fade\"><div class=\"inner-block\"><a target=\"_self\"  href=\"https:\/\/www.milansladekmimefest.eu\/sk\/2025\/01\/26\/compagnie-mangano-massip-fr\/\">Compagnie Mangano-Massip (FR)<\/a><\/div><\/h2><div class=\"wpr-grid-item-category elementor-repeater-item-deefd3e wpr-grid-item-display-block wpr-grid-item-align-center wpr-element-fade-in wpr-anim-size-large wpr-anim-timing-ease-default wpr-anim-transparency wpr-pointer-none wpr-pointer-line-fx wpr-pointer-fx-fade wpr-grid-tax-style-1\"><div class=\"inner-block\"><a class=\" wpr-tax-id-9\" href=\"https:\/\/www.milansladekmimefest.eu\/sk\/category\/herci\/\">Herci<span class=\"tax-sep\">, <\/span><\/a><a class=\" wpr-tax-id-10\" href=\"https:\/\/www.milansladekmimefest.eu\/sk\/category\/predstavenia\/\">Predstavenia<\/a><\/div><\/div><\/div><\/div><\/div><\/div><\/div><\/div><\/div><\/article><\/section><div class=\"wpr-grid-pagination elementor-clearfix wpr-grid-pagination-load-more\"><a href=\"https:\/\/www.milansladekmimefest.eu\/sk\/wp-json\/wp\/v2\/pages\/209\/page\/2\/\" class=\"wpr-load-more-btn\" data-e-disable-page-transition >Load More<\/a><div class=\"wpr-pagination-loading\"><div class=\"wpr-double-bounce\"><div class=\"wpr-child wpr-double-bounce1\"><\/div><div class=\"wpr-child wpr-double-bounce2\"><\/div><\/div><\/div><p class=\"wpr-pagination-finish\">End of Content.<\/p><\/div>\t\t\t\t<\/div>\n\t\t\t\t<\/div>\n\t\t\t\t\t<\/div>\n\t\t<\/div>\n\t\t\t\t\t<\/div>\n\t\t<\/section>\n\t\t\t\t<\/div>\n\t\t","protected":false},"excerpt":{"rendered":"<p>https:\/\/www.milansladekmimefest.eu\/sk\/wp-content\/uploads\/2025\/08\/zostrih_FB.mp4 Diskusie Predstavenia V\u00fdstavy Workshopy NOVINKY PhDr. Ladislava Peti\u0161kov\u00e1 Prv\u00fd ro\u010dn\u00edk festivalu bude venovan\u00fd pedagogi\u010dke hist\u00f3rie a te\u00f3rie pohybov\u00e9ho\u00a0\u00a0 divadla na HAMU<\/p>\n","protected":false},"author":1,"featured_media":0,"parent":0,"menu_order":0,"comment_status":"closed","ping_status":"closed","template":"","meta":{"_acf_changed":false,"_monsterinsights_skip_tracking":false,"_monsterinsights_sitenote_active":false,"_monsterinsights_sitenote_note":"","_monsterinsights_sitenote_category":0,"_uf_show_specific_survey":0,"_uf_disable_surveys":false,"two_page_speed":{"current_score":{"desktop_score":76,"desktop_tti":"1.2\u00a0","mobile_score":71,"mobile_tti":"5.7\u00a0","date":"23.08.2025 10:41:28 am","status":"completed"}},"footnotes":""},"class_list":["post-209","page","type-page","status-publish","hentry"],"acf":[],"yoast_head":"<!-- This site is optimized with the Yoast SEO plugin v24.2 - https:\/\/yoast.com\/wordpress\/plugins\/seo\/ -->\n<title>Domov - milansladekmimefest.eu<\/title>\n<meta name=\"robots\" content=\"index, follow, max-snippet:-1, max-image-preview:large, max-video-preview:-1\" \/>\n<link rel=\"canonical\" href=\"https:\/\/www.milansladekmimefest.eu\/sk\/\" \/>\n<meta property=\"og:locale\" content=\"sk_SK\" \/>\n<meta property=\"og:type\" content=\"article\" \/>\n<meta property=\"og:title\" content=\"Domov - milansladekmimefest.eu\" \/>\n<meta property=\"og:description\" content=\"https:\/\/www.milansladekmimefest.eu\/sk\/wp-content\/uploads\/2025\/08\/zostrih_FB.mp4 Diskusie Predstavenia V\u00fdstavy Workshopy NOVINKY PhDr. Ladislava Peti\u0161kov\u00e1 Prv\u00fd ro\u010dn\u00edk festivalu bude venovan\u00fd pedagogi\u010dke hist\u00f3rie a te\u00f3rie pohybov\u00e9ho\u00a0\u00a0 divadla na HAMU\" \/>\n<meta property=\"og:url\" content=\"https:\/\/www.milansladekmimefest.eu\/sk\/\" \/>\n<meta property=\"og:site_name\" content=\"milansladekmimefest.eu\" \/>\n<meta property=\"article:modified_time\" content=\"2025-08-23T08:41:34+00:00\" \/>\n<meta property=\"og:image\" content=\"https:\/\/www.milansladekmimefest.eu\/sk\/wp-content\/uploads\/2025\/01\/milan-sladek_headline_discusion.jpg\" \/>\n<meta name=\"twitter:card\" content=\"summary_large_image\" \/>\n<meta name=\"twitter:label1\" content=\"Predpokladan\u00fd \u010das \u010d\u00edtania\" \/>\n\t<meta name=\"twitter:data1\" content=\"6 min\u00fat\" \/>\n<script type=\"application\/ld+json\" class=\"yoast-schema-graph\">{\"@context\":\"https:\/\/schema.org\",\"@graph\":[{\"@type\":\"WebPage\",\"@id\":\"https:\/\/www.milansladekmimefest.eu\/sk\/\",\"url\":\"https:\/\/www.milansladekmimefest.eu\/sk\/\",\"name\":\"Domov - milansladekmimefest.eu\",\"isPartOf\":{\"@id\":\"https:\/\/www.milansladekmimefest.eu\/sk\/#website\"},\"primaryImageOfPage\":{\"@id\":\"https:\/\/www.milansladekmimefest.eu\/sk\/#primaryimage\"},\"image\":{\"@id\":\"https:\/\/www.milansladekmimefest.eu\/sk\/#primaryimage\"},\"thumbnailUrl\":\"https:\/\/www.milansladekmimefest.eu\/sk\/wp-content\/uploads\/2025\/01\/milan-sladek_headline_discusion.jpg\",\"datePublished\":\"2025-01-24T15:47:39+00:00\",\"dateModified\":\"2025-08-23T08:41:34+00:00\",\"breadcrumb\":{\"@id\":\"https:\/\/www.milansladekmimefest.eu\/sk\/#breadcrumb\"},\"inLanguage\":\"sk-SK\",\"potentialAction\":[{\"@type\":\"ReadAction\",\"target\":[\"https:\/\/www.milansladekmimefest.eu\/sk\/\"]}]},{\"@type\":\"ImageObject\",\"inLanguage\":\"sk-SK\",\"@id\":\"https:\/\/www.milansladekmimefest.eu\/sk\/#primaryimage\",\"url\":\"https:\/\/www.milansladekmimefest.eu\/sk\/wp-content\/uploads\/2025\/01\/milan-sladek_headline_discusion.jpg\",\"contentUrl\":\"https:\/\/www.milansladekmimefest.eu\/sk\/wp-content\/uploads\/2025\/01\/milan-sladek_headline_discusion.jpg\",\"width\":1200,\"height\":381},{\"@type\":\"BreadcrumbList\",\"@id\":\"https:\/\/www.milansladekmimefest.eu\/sk\/#breadcrumb\",\"itemListElement\":[{\"@type\":\"ListItem\",\"position\":1,\"name\":\"Home\",\"item\":\"https:\/\/www.milansladekmimefest.eu\/sk\/\"},{\"@type\":\"ListItem\",\"position\":2,\"name\":\"Domov\"}]},{\"@type\":\"WebSite\",\"@id\":\"https:\/\/www.milansladekmimefest.eu\/sk\/#website\",\"url\":\"https:\/\/www.milansladekmimefest.eu\/sk\/\",\"name\":\"milansladekmimefest.eu\",\"description\":\"\",\"potentialAction\":[{\"@type\":\"SearchAction\",\"target\":{\"@type\":\"EntryPoint\",\"urlTemplate\":\"https:\/\/www.milansladekmimefest.eu\/sk\/?s={search_term_string}\"},\"query-input\":{\"@type\":\"PropertyValueSpecification\",\"valueRequired\":true,\"valueName\":\"search_term_string\"}}],\"inLanguage\":\"sk-SK\"}]}<\/script>\n<!-- \/ Yoast SEO plugin. -->","yoast_head_json":{"title":"Domov - milansladekmimefest.eu","robots":{"index":"index","follow":"follow","max-snippet":"max-snippet:-1","max-image-preview":"max-image-preview:large","max-video-preview":"max-video-preview:-1"},"canonical":"https:\/\/www.milansladekmimefest.eu\/sk\/","og_locale":"sk_SK","og_type":"article","og_title":"Domov - milansladekmimefest.eu","og_description":"https:\/\/www.milansladekmimefest.eu\/sk\/wp-content\/uploads\/2025\/08\/zostrih_FB.mp4 Diskusie Predstavenia V\u00fdstavy Workshopy NOVINKY PhDr. Ladislava Peti\u0161kov\u00e1 Prv\u00fd ro\u010dn\u00edk festivalu bude venovan\u00fd pedagogi\u010dke hist\u00f3rie a te\u00f3rie pohybov\u00e9ho\u00a0\u00a0 divadla na HAMU","og_url":"https:\/\/www.milansladekmimefest.eu\/sk\/","og_site_name":"milansladekmimefest.eu","article_modified_time":"2025-08-23T08:41:34+00:00","og_image":[{"url":"https:\/\/www.milansladekmimefest.eu\/sk\/wp-content\/uploads\/2025\/01\/milan-sladek_headline_discusion.jpg","type":"","width":"","height":""}],"twitter_card":"summary_large_image","twitter_misc":{"Predpokladan\u00fd \u010das \u010d\u00edtania":"6 min\u00fat"},"schema":{"@context":"https:\/\/schema.org","@graph":[{"@type":"WebPage","@id":"https:\/\/www.milansladekmimefest.eu\/sk\/","url":"https:\/\/www.milansladekmimefest.eu\/sk\/","name":"Domov - milansladekmimefest.eu","isPartOf":{"@id":"https:\/\/www.milansladekmimefest.eu\/sk\/#website"},"primaryImageOfPage":{"@id":"https:\/\/www.milansladekmimefest.eu\/sk\/#primaryimage"},"image":{"@id":"https:\/\/www.milansladekmimefest.eu\/sk\/#primaryimage"},"thumbnailUrl":"https:\/\/www.milansladekmimefest.eu\/sk\/wp-content\/uploads\/2025\/01\/milan-sladek_headline_discusion.jpg","datePublished":"2025-01-24T15:47:39+00:00","dateModified":"2025-08-23T08:41:34+00:00","breadcrumb":{"@id":"https:\/\/www.milansladekmimefest.eu\/sk\/#breadcrumb"},"inLanguage":"sk-SK","potentialAction":[{"@type":"ReadAction","target":["https:\/\/www.milansladekmimefest.eu\/sk\/"]}]},{"@type":"ImageObject","inLanguage":"sk-SK","@id":"https:\/\/www.milansladekmimefest.eu\/sk\/#primaryimage","url":"https:\/\/www.milansladekmimefest.eu\/sk\/wp-content\/uploads\/2025\/01\/milan-sladek_headline_discusion.jpg","contentUrl":"https:\/\/www.milansladekmimefest.eu\/sk\/wp-content\/uploads\/2025\/01\/milan-sladek_headline_discusion.jpg","width":1200,"height":381},{"@type":"BreadcrumbList","@id":"https:\/\/www.milansladekmimefest.eu\/sk\/#breadcrumb","itemListElement":[{"@type":"ListItem","position":1,"name":"Home","item":"https:\/\/www.milansladekmimefest.eu\/sk\/"},{"@type":"ListItem","position":2,"name":"Domov"}]},{"@type":"WebSite","@id":"https:\/\/www.milansladekmimefest.eu\/sk\/#website","url":"https:\/\/www.milansladekmimefest.eu\/sk\/","name":"milansladekmimefest.eu","description":"","potentialAction":[{"@type":"SearchAction","target":{"@type":"EntryPoint","urlTemplate":"https:\/\/www.milansladekmimefest.eu\/sk\/?s={search_term_string}"},"query-input":{"@type":"PropertyValueSpecification","valueRequired":true,"valueName":"search_term_string"}}],"inLanguage":"sk-SK"}]}},"_links":{"self":[{"href":"https:\/\/www.milansladekmimefest.eu\/sk\/wp-json\/wp\/v2\/pages\/209","targetHints":{"allow":["GET"]}}],"collection":[{"href":"https:\/\/www.milansladekmimefest.eu\/sk\/wp-json\/wp\/v2\/pages"}],"about":[{"href":"https:\/\/www.milansladekmimefest.eu\/sk\/wp-json\/wp\/v2\/types\/page"}],"author":[{"embeddable":true,"href":"https:\/\/www.milansladekmimefest.eu\/sk\/wp-json\/wp\/v2\/users\/1"}],"replies":[{"embeddable":true,"href":"https:\/\/www.milansladekmimefest.eu\/sk\/wp-json\/wp\/v2\/comments?post=209"}],"version-history":[{"count":25,"href":"https:\/\/www.milansladekmimefest.eu\/sk\/wp-json\/wp\/v2\/pages\/209\/revisions"}],"predecessor-version":[{"id":1175,"href":"https:\/\/www.milansladekmimefest.eu\/sk\/wp-json\/wp\/v2\/pages\/209\/revisions\/1175"}],"wp:attachment":[{"href":"https:\/\/www.milansladekmimefest.eu\/sk\/wp-json\/wp\/v2\/media?parent=209"}],"curies":[{"name":"wp","href":"https:\/\/api.w.org\/{rel}","templated":true}]}}